{"id":1251,"date":"2024-04-26T15:26:34","date_gmt":"2024-04-26T15:26:34","guid":{"rendered":"https:\/\/sites.uab.pt\/cantanhede-historia-arte-e-patrimonio\/?page_id=1251"},"modified":"2025-01-03T12:37:51","modified_gmt":"2025-01-03T12:37:51","slug":"call-for-papers","status":"publish","type":"page","link":"https:\/\/sites.uab.pt\/cantanhede-historia-arte-e-patrimonio\/encontros\/iii-encontro\/call-for-papers\/","title":{"rendered":"Call for Papers 2025"},"content":{"rendered":"\n<p class=\"has-vivid-cyan-blue-color has-text-color has-link-color has-medium-font-size wp-elements-4f9f895fe7069c969fe9e30b13094332\"><em><strong><strong>CONVITE A COMUNICA\u00c7\u00c3O<\/strong><\/strong><\/em><\/p>\n\n\n\n<p><strong><em>Cantanhede na Expans\u00e3o<\/em><\/strong><\/p>\n\n\n\n<p>Na sequ\u00eancia dos anteriores Encontros Cantanhede \u2013 Hist\u00f3ria, Arte e Patrim\u00f3nio, de 2022 e 2023, o C\u00edrculo Portugu\u00eas de Estudos Human\u00edsticos, a Universidade Aberta e a C\u00e2mara Municipal de Cantanhede organizam, em colabora\u00e7\u00e3o com o Centro de Estudos de Hist\u00f3ria Local e Regional Salvador Dias Arnaut, com o Centro de Estudos Globais\/Universidade Aberta, com o CHAM-Centro de Humanidades\/Universidade Nova \u2013 FCSH, com a FCT, com a Faculdade de Matem\u00e1tica da Universidade de Coimbra, com o Movimento Internacional Lus\u00f3fono e com a Sociedade de Geografia de Lisboa, em parceria com o Centro de Forma\u00e7\u00e3o de Associa\u00e7\u00e3o de Escolas de Beira Mar, nos dias 28 de fevereiro, 1 e 12 de mar\u00e7o de 2025, um III Encontro, cujo tema central ser\u00e1 \u201cCantanhede na Expans\u00e3o\u201d, que procurar\u00e1 reunir o contributo de investigadores e interessados e que se orientar\u00e1 pelas seguintes \u00e1reas tem\u00e1ticas:<\/p>\n\n\n\n<ul class=\"wp-block-list\">\n<li>Os Meneses, senhores e condes de Cantanhede, no norte de \u00c1frica;<\/li>\n\n\n\n<li>Figuras de Cantanhede no Oriente;<\/li>\n\n\n\n<li>Cantanhedenses na Am\u00e9rica do Sul;<\/li>\n\n\n\n<li>Cantanhedenses na \u00c1frica ao Sul do Saara;<\/li>\n\n\n\n<li>Historiadores da Expans\u00e3o do Concelho de Cantanhede; Armando e Jaime Cortes\u00e3o;<\/li>\n\n\n\n<li>A emigra\u00e7\u00e3o como realidade da expans\u00e3o do Concelho de Cantanhede.<\/li>\n<\/ul>\n\n\n\n<p>2. Dada a import\u00e2ncia neste \u00e2mbito de Armando e Jaime Cortes\u00e3o, o dia 1 de mar\u00e7o decorrer\u00e1 em An\u00e7\u00e3.<\/p>\n\n\n\n<p>3. Os estudiosos e interessados em participar devem enviar, at\u00e9 ao dia\u00a0<strong>02 <\/strong><strong>de fevereiro<\/strong>, para o email <a href=\"mailto:IIIEncontroCantanhede2024@hotmail.com\">IIIEncontroCantanhede@hotmail.com<\/a>, o tema e o respetivo resumo (m\u00e1ximo de 3500 caracteres n\u00e3o incluindo espa\u00e7os), acompanhado de uma breve nota biogr\u00e1fica. Ap\u00f3s aprecia\u00e7\u00e3o do Conselho Cient\u00edfico, os autores ser\u00e3o devidamente notificados at\u00e9 ao dia 10 de fevereiro.\u00a0\u00a0\u00a0\u00a0\u00a0\u00a0\u00a0\u00a0\u00a0\u00a0\u00a0\u00a0\u00a0 .<\/p>\n\n\n\n<p>4. O programa definitivo e a colet\u00e2nea dos resumos das comunica\u00e7\u00f5es ficar\u00e3o dispon\u00edveis at\u00e9 12 de fevereiro.<\/p>\n\n\n\n<p>5. Em cada Encontro ser\u00e3o disponibilizados os textos do anterior que tenham sido previamente entregues pelos seus autores.<\/p>\n\n\n\n<p>Para qualquer esclarecimento: <a href=\"mailto:IIIEncontroCantanhede@hotmail.com\">IIIEncontroCantanhede@hotmail.com<\/a><\/p>\n\n\n\n<h2 class=\"wp-block-heading has-vivid-cyan-blue-color has-text-color has-link-color wp-elements-2322081e47ef19ed7f8747b10c433859\">Comiss\u00e3o Cient\u00edfica<\/h2>\n\n\n\n        \n\n    <div class=\"\">\n        <ul class=\"elements row list-unstyled justify-content-center\">\n            \t\t\t\t<li class=\" flex-column col-12 col-lg-6  d-flex align-items-center element py-3\">\n\t\t\t\t\t<a href=\"https:\/\/sites.uab.pt\/cantanhede-historia-arte-e-patrimonio\/conhecer\/fernando-oudinot-larcher\/\"  class=\"d-flex flex-column align-items-center text-decoration-none\" title=\"Saber mais sobre Fernando Oudinot Larcher\">\n\t\t\t\t\t\t\t\t\t\t\t\t\t\t\t\t\t\t<div class=\"entry-thumbnail-wrapper-bg\"><div class=\"entry-thumbnail-wrapper\"><img decoding=\"async\" src=\"https:\/\/sites.uab.pt\/cantanhede-historia-arte-e-patrimonio\/wp-content\/uploads\/sites\/22\/2022\/10\/IMG_20221210_181144-1-e1675179681431.jpg\" width=\"1982\" height=\"1982\" class=\"attachment-news-list-thumbnails-size size-news-list-thumbnails-size block entry-thumbnail img-fluid\" alt=\"Fernando Oudinot Larcher\" srcset=\"https:\/\/sites.uab.pt\/cantanhede-historia-arte-e-patrimonio\/wp-content\/uploads\/sites\/22\/2022\/10\/IMG_20221210_181144-1-e1675179681431.jpg 1982w, https:\/\/sites.uab.pt\/cantanhede-historia-arte-e-patrimonio\/wp-content\/uploads\/sites\/22\/2022\/10\/IMG_20221210_181144-1-e1675179681431-300x300.jpg 300w, https:\/\/sites.uab.pt\/cantanhede-historia-arte-e-patrimonio\/wp-content\/uploads\/sites\/22\/2022\/10\/IMG_20221210_181144-1-e1675179681431-1024x1024.jpg 1024w, https:\/\/sites.uab.pt\/cantanhede-historia-arte-e-patrimonio\/wp-content\/uploads\/sites\/22\/2022\/10\/IMG_20221210_181144-1-e1675179681431-150x150.jpg 150w, https:\/\/sites.uab.pt\/cantanhede-historia-arte-e-patrimonio\/wp-content\/uploads\/sites\/22\/2022\/10\/IMG_20221210_181144-1-e1675179681431-768x768.jpg 768w, https:\/\/sites.uab.pt\/cantanhede-historia-arte-e-patrimonio\/wp-content\/uploads\/sites\/22\/2022\/10\/IMG_20221210_181144-1-e1675179681431-1536x1536.jpg 1536w\" sizes=\"auto, (max-width: 1982px) 100vw, 1982px\"  loading=\"lazy\"><\/div><\/div>\n\t\t\t\t\t\t\n\t\t\t\t\t\t<div class=\"element-info\">\n\t\t\t\t\t\t\t<div class=\"title\">Fernando Oudinot Larcher<\/div>\n\t\t\t\t\t\t\t\n\t\t\t\t\t\t\t\t\t\t\t\t\t\t\t\t\t\t\t\t\t\t<dl class=\"affiliation-wrapper\"><dt class=\"affiliation-label visually-hidden\">Afilia\u00e7\u00e3o: <\/dt><dd class=\"affiliation-value\">C\u00edrculo Portugu\u00eas de Estudos Human\u00edsticos<\/dd><\/dl>\n\t\t\t\t\t\t\t\n\t\t\t\t\t\t\t\t\t\t\t\t\t<\/div>\n\t\t\t\t\t<\/a>\n\t\t\t\t<\/li>\n            \t\t\t\t<li class=\" flex-column col-12 col-lg-6  d-flex align-items-center element py-3\">\n\t\t\t\t\t<a href=\"https:\/\/sites.uab.pt\/cantanhede-historia-arte-e-patrimonio\/conhecer\/guilhermina-mota\/\"  class=\"d-flex flex-column align-items-center text-decoration-none\" title=\"Saber mais sobre Guilhermina Mota\">\n\t\t\t\t\t\t\t\t\t\t\t\t\t\t\t\t\t\t<div class=\"entry-thumbnail-wrapper-bg\"><div class=\"entry-thumbnail-wrapper\"><img decoding=\"async\" src=\"https:\/\/sites.uab.pt\/cantanhede-historia-arte-e-patrimonio\/wp-content\/uploads\/sites\/22\/2022\/10\/thumbnail_guimota-e1671187440523.jpg\" width=\"590\" height=\"709\" class=\"attachment-news-list-thumbnails-size size-news-list-thumbnails-size block entry-thumbnail img-fluid\" alt=\"Guilhermina Mota\" srcset=\"https:\/\/sites.uab.pt\/cantanhede-historia-arte-e-patrimonio\/wp-content\/uploads\/sites\/22\/2022\/10\/thumbnail_guimota-e1671187440523.jpg 590w, https:\/\/sites.uab.pt\/cantanhede-historia-arte-e-patrimonio\/wp-content\/uploads\/sites\/22\/2022\/10\/thumbnail_guimota-e1671187440523-250x300.jpg 250w\" sizes=\"auto, (max-width: 590px) 100vw, 590px\"  loading=\"lazy\"><\/div><\/div>\n\t\t\t\t\t\t\n\t\t\t\t\t\t<div class=\"element-info\">\n\t\t\t\t\t\t\t<div class=\"title\">Guilhermina Mota<\/div>\n\t\t\t\t\t\t\t\n\t\t\t\t\t\t\t\t\t\t\t\t\t\t\t\t\t\t\t\t\t\t<dl class=\"affiliation-wrapper\"><dt class=\"affiliation-label visually-hidden\">Afilia\u00e7\u00e3o: <\/dt><dd class=\"affiliation-value\">Professora Aposentada da Universidade de Coimbra<\/dd><\/dl>\n\t\t\t\t\t\t\t\n\t\t\t\t\t\t\t\t\t\t\t\t\t<\/div>\n\t\t\t\t\t<\/a>\n\t\t\t\t<\/li>\n            \t\t\t\t<li class=\" flex-column col-12 col-lg-6  d-flex align-items-center element py-3\">\n\t\t\t\t\t<a href=\"https:\/\/sites.uab.pt\/cantanhede-historia-arte-e-patrimonio\/conhecer\/nunc-dictum\/\"  class=\"d-flex flex-column align-items-center text-decoration-none\" title=\"Saber mais sobre Jo\u00e3o da Cunha Matos\u00a0\">\n\t\t\t\t\t\t\t\t\t\t\t\t\t\t\t\t\t\t<div class=\"entry-thumbnail-wrapper-bg\"><div class=\"entry-thumbnail-wrapper\"><img decoding=\"async\" src=\"https:\/\/sites.uab.pt\/cantanhede-historia-arte-e-patrimonio\/wp-content\/uploads\/sites\/22\/2022\/10\/FOTO-Joao-C.-Matos.jpg\" width=\"428\" height=\"612\" class=\"attachment-news-list-thumbnails-size size-news-list-thumbnails-size block entry-thumbnail img-fluid\" alt=\"Jo\u00e3o da Cunha Matos\" srcset=\"https:\/\/sites.uab.pt\/cantanhede-historia-arte-e-patrimonio\/wp-content\/uploads\/sites\/22\/2022\/10\/FOTO-Joao-C.-Matos.jpg 428w, https:\/\/sites.uab.pt\/cantanhede-historia-arte-e-patrimonio\/wp-content\/uploads\/sites\/22\/2022\/10\/FOTO-Joao-C.-Matos-210x300.jpg 210w\" sizes=\"auto, (max-width: 428px) 100vw, 428px\"  loading=\"lazy\"><\/div><\/div>\n\t\t\t\t\t\t\n\t\t\t\t\t\t<div class=\"element-info\">\n\t\t\t\t\t\t\t<div class=\"title\">Jo\u00e3o da Cunha Matos\u00a0<\/div>\n\t\t\t\t\t\t\t\n\t\t\t\t\t\t\t\t\t\t\t\t\t\t\t\t\t\t\t\t\t\t<dl class=\"affiliation-wrapper\"><dt class=\"affiliation-label visually-hidden\">Afilia\u00e7\u00e3o: <\/dt><dd class=\"affiliation-value\">Professor Aposentado do Instituto Polit\u00e9cnico de Tomar<\/dd><\/dl>\n\t\t\t\t\t\t\t\n\t\t\t\t\t\t\t\t\t\t\t\t\t<\/div>\n\t\t\t\t\t<\/a>\n\t\t\t\t<\/li>\n            \t\t\t\t<li class=\" flex-column col-12 col-lg-6  d-flex align-items-center element py-3\">\n\t\t\t\t\t<a href=\"https:\/\/sites.uab.pt\/cantanhede-historia-arte-e-patrimonio\/conhecer\/jose-das-candeias-sales\/\"  class=\"d-flex flex-column align-items-center text-decoration-none\" title=\"Saber mais sobre Jos\u00e9 das Candeias Sales\">\n\t\t\t\t\t\t\t\t\t\t\t\t\t\t\t\t\t\t<div class=\"entry-thumbnail-wrapper-bg\"><div class=\"entry-thumbnail-wrapper\"><img decoding=\"async\" src=\"https:\/\/sites.uab.pt\/cantanhede-historia-arte-e-patrimonio\/wp-content\/uploads\/sites\/22\/2022\/10\/JSALES_FOTO_300dpi.jpg\" width=\"591\" height=\"839\" class=\"attachment-news-list-thumbnails-size size-news-list-thumbnails-size block entry-thumbnail img-fluid\" alt=\"Prof. Doutor Jos\u00e9 das Candeias Sales\" srcset=\"https:\/\/sites.uab.pt\/cantanhede-historia-arte-e-patrimonio\/wp-content\/uploads\/sites\/22\/2022\/10\/JSALES_FOTO_300dpi.jpg 591w, https:\/\/sites.uab.pt\/cantanhede-historia-arte-e-patrimonio\/wp-content\/uploads\/sites\/22\/2022\/10\/JSALES_FOTO_300dpi-211x300.jpg 211w\" sizes=\"auto, (max-width: 591px) 100vw, 591px\"  loading=\"lazy\"><\/div><\/div>\n\t\t\t\t\t\t\n\t\t\t\t\t\t<div class=\"element-info\">\n\t\t\t\t\t\t\t<div class=\"title\">Jos\u00e9 das Candeias Sales<\/div>\n\t\t\t\t\t\t\t\n\t\t\t\t\t\t\t\t\t\t\t\t\t\t\t\t\t\t\t\t\t\t<dl class=\"affiliation-wrapper\"><dt class=\"affiliation-label visually-hidden\">Afilia\u00e7\u00e3o: <\/dt><dd class=\"affiliation-value\">Universidade Aberta<\/dd><\/dl>\n\t\t\t\t\t\t\t\n\t\t\t\t\t\t\t\t\t\t\t\t\t<\/div>\n\t\t\t\t\t<\/a>\n\t\t\t\t<\/li>\n            \t\t\t\t<li class=\" flex-column col-12 col-lg-6  d-flex align-items-center element py-3\">\n\t\t\t\t\t<a href=\"https:\/\/sites.uab.pt\/cantanhede-historia-arte-e-patrimonio\/conhecer\/jose-eduardo-franco\/\"  class=\"d-flex flex-column align-items-center text-decoration-none\" title=\"Saber mais sobre Jos\u00e9 Eduardo Franco\">\n\t\t\t\t\t\t\t\t\t\t\t\t\t\t\t\t\t\t<div class=\"entry-thumbnail-wrapper-bg\"><div class=\"entry-thumbnail-wrapper\"><img decoding=\"async\" src=\"https:\/\/sites.uab.pt\/cantanhede-historia-arte-e-patrimonio\/wp-content\/uploads\/sites\/22\/2024\/04\/JEF_wikipedia.jpg\" width=\"1024\" height=\"877\" class=\"attachment-news-list-thumbnails-size size-news-list-thumbnails-size block entry-thumbnail img-fluid\" alt=\"Jose Eduardo Franco\" srcset=\"https:\/\/sites.uab.pt\/cantanhede-historia-arte-e-patrimonio\/wp-content\/uploads\/sites\/22\/2024\/04\/JEF_wikipedia.jpg 1024w, https:\/\/sites.uab.pt\/cantanhede-historia-arte-e-patrimonio\/wp-content\/uploads\/sites\/22\/2024\/04\/JEF_wikipedia-300x257.jpg 300w, https:\/\/sites.uab.pt\/cantanhede-historia-arte-e-patrimonio\/wp-content\/uploads\/sites\/22\/2024\/04\/JEF_wikipedia-768x658.jpg 768w\" sizes=\"auto, (max-width: 1024px) 100vw, 1024px\"  loading=\"lazy\"><\/div><\/div>\n\t\t\t\t\t\t\n\t\t\t\t\t\t<div class=\"element-info\">\n\t\t\t\t\t\t\t<div class=\"title\">Jos\u00e9 Eduardo Franco<\/div>\n\t\t\t\t\t\t\t\n\t\t\t\t\t\t\t\t\t\t\t\t\t\t\t\t\t\t\t\t\t\t<dl class=\"affiliation-wrapper\"><dt class=\"affiliation-label visually-hidden\">Afilia\u00e7\u00e3o: <\/dt><dd class=\"affiliation-value\">Centro de Estudos Globais \/ Universidade Aberta<\/dd><\/dl>\n\t\t\t\t\t\t\t\n\t\t\t\t\t\t\t\t\t\t\t\t\t<\/div>\n\t\t\t\t\t<\/a>\n\t\t\t\t<\/li>\n            \t\t\t\t<li class=\" flex-column col-12 col-lg-6  d-flex align-items-center element py-3\">\n\t\t\t\t\t<a href=\"https:\/\/sites.uab.pt\/cantanhede-historia-arte-e-patrimonio\/conhecer\/aires-de-barros\/\"  class=\"d-flex flex-column align-items-center text-decoration-none\" title=\"Saber mais sobre Lu\u00eds Aires de Barros\">\n\t\t\t\t\t\t\t\t\t\t\t\t\t\t\t\t\t\t<div class=\"entry-thumbnail-wrapper-bg\"><div class=\"entry-thumbnail-wrapper\"><img decoding=\"async\" src=\"https:\/\/sites.uab.pt\/cantanhede-historia-arte-e-patrimonio\/wp-content\/uploads\/sites\/22\/2024\/08\/45438018_1130353220451921_3618545736842477568_n.jpg\" width=\"1362\" height=\"1255\" class=\"attachment-news-list-thumbnails-size size-news-list-thumbnails-size block entry-thumbnail img-fluid\" alt=\"Aires de Barros\" srcset=\"https:\/\/sites.uab.pt\/cantanhede-historia-arte-e-patrimonio\/wp-content\/uploads\/sites\/22\/2024\/08\/45438018_1130353220451921_3618545736842477568_n.jpg 1362w, https:\/\/sites.uab.pt\/cantanhede-historia-arte-e-patrimonio\/wp-content\/uploads\/sites\/22\/2024\/08\/45438018_1130353220451921_3618545736842477568_n-300x276.jpg 300w, https:\/\/sites.uab.pt\/cantanhede-historia-arte-e-patrimonio\/wp-content\/uploads\/sites\/22\/2024\/08\/45438018_1130353220451921_3618545736842477568_n-1024x944.jpg 1024w, https:\/\/sites.uab.pt\/cantanhede-historia-arte-e-patrimonio\/wp-content\/uploads\/sites\/22\/2024\/08\/45438018_1130353220451921_3618545736842477568_n-768x708.jpg 768w\" sizes=\"auto, (max-width: 1362px) 100vw, 1362px\"  loading=\"lazy\"><\/div><\/div>\n\t\t\t\t\t\t\n\t\t\t\t\t\t<div class=\"element-info\">\n\t\t\t\t\t\t\t<div class=\"title\">Lu\u00eds Aires de Barros<\/div>\n\t\t\t\t\t\t\t\n\t\t\t\t\t\t\t\t\t\t\t\t\t\t\t\t\t\t\t\t\t\t<dl class=\"affiliation-wrapper\"><dt class=\"affiliation-label visually-hidden\">Afilia\u00e7\u00e3o: <\/dt><dd class=\"affiliation-value\">Sociedade de Geografia de Lisboa<\/dd><\/dl>\n\t\t\t\t\t\t\t\n\t\t\t\t\t\t\t\t\t\t\t\t\t<\/div>\n\t\t\t\t\t<\/a>\n\t\t\t\t<\/li>\n            \t\t\t\t<li class=\" flex-column col-12 col-lg-6  d-flex align-items-center element py-3\">\n\t\t\t\t\t<a href=\"https:\/\/sites.uab.pt\/cantanhede-historia-arte-e-patrimonio\/conhecer\/maria-isabel-whitton-soares-de-albergaria\/\"  class=\"d-flex flex-column align-items-center text-decoration-none\" title=\"Saber mais sobre Maria Isabel Whitton Soares de Albergaria\">\n\t\t\t\t\t\t\t\t\t\t\t\t\t\t\t\t\t\t<div class=\"entry-thumbnail-wrapper-bg\"><div class=\"entry-thumbnail-wrapper\"><img decoding=\"async\" src=\"https:\/\/sites.uab.pt\/cantanhede-historia-arte-e-patrimonio\/wp-content\/uploads\/sites\/22\/2025\/02\/thumbnail_foto-passe1.jpg\" width=\"250\" height=\"280\" class=\"attachment-news-list-thumbnails-size size-news-list-thumbnails-size block entry-thumbnail img-fluid\" alt=\"Maria Isabel Whitton Soares de Albergaria\"  loading=\"lazy\"><\/div><\/div>\n\t\t\t\t\t\t\n\t\t\t\t\t\t<div class=\"element-info\">\n\t\t\t\t\t\t\t<div class=\"title\">Maria Isabel Whitton Soares de Albergaria<\/div>\n\t\t\t\t\t\t\t\n\t\t\t\t\t\t\t\t\t\t\t\t\t\t\t\t\t\t\t\t\t\t<dl class=\"affiliation-wrapper\"><dt class=\"affiliation-label visually-hidden\">Afilia\u00e7\u00e3o: <\/dt><dd class=\"affiliation-value\">Universidade dos A\u00e7ores<\/dd><\/dl>\n\t\t\t\t\t\t\t\n\t\t\t\t\t\t\t\t\t\t\t\t\t<\/div>\n\t\t\t\t\t<\/a>\n\t\t\t\t<\/li>\n            \t\t\t\t<li class=\" flex-column col-12 col-lg-6  d-flex align-items-center element py-3\">\n\t\t\t\t\t<a href=\"https:\/\/sites.uab.pt\/cantanhede-historia-arte-e-patrimonio\/conhecer\/madalena-oudinot-larcher\/\"  class=\"d-flex flex-column align-items-center text-decoration-none\" title=\"Saber mais sobre Maria Madalena G.B. Pessoa Jorge Oudinot Larcher\">\n\t\t\t\t\t\t\t\t\t\t\t\t\t\t\t\t\t\t<div class=\"entry-thumbnail-wrapper-bg\"><div class=\"entry-thumbnail-wrapper\"><img decoding=\"async\" src=\"https:\/\/sites.uab.pt\/cantanhede-historia-arte-e-patrimonio\/wp-content\/uploads\/sites\/22\/2022\/10\/IMG_20221210_173031-scaled.jpg\" width=\"2538\" height=\"2560\" class=\"attachment-news-list-thumbnails-size size-news-list-thumbnails-size block entry-thumbnail img-fluid\" alt=\"Maria Madalena Oudinot Larcher\" srcset=\"https:\/\/sites.uab.pt\/cantanhede-historia-arte-e-patrimonio\/wp-content\/uploads\/sites\/22\/2022\/10\/IMG_20221210_173031-scaled.jpg 2538w, https:\/\/sites.uab.pt\/cantanhede-historia-arte-e-patrimonio\/wp-content\/uploads\/sites\/22\/2022\/10\/IMG_20221210_173031-297x300.jpg 297w, https:\/\/sites.uab.pt\/cantanhede-historia-arte-e-patrimonio\/wp-content\/uploads\/sites\/22\/2022\/10\/IMG_20221210_173031-1015x1024.jpg 1015w, https:\/\/sites.uab.pt\/cantanhede-historia-arte-e-patrimonio\/wp-content\/uploads\/sites\/22\/2022\/10\/IMG_20221210_173031-150x150.jpg 150w, https:\/\/sites.uab.pt\/cantanhede-historia-arte-e-patrimonio\/wp-content\/uploads\/sites\/22\/2022\/10\/IMG_20221210_173031-768x775.jpg 768w, https:\/\/sites.uab.pt\/cantanhede-historia-arte-e-patrimonio\/wp-content\/uploads\/sites\/22\/2022\/10\/IMG_20221210_173031-1523x1536.jpg 1523w, https:\/\/sites.uab.pt\/cantanhede-historia-arte-e-patrimonio\/wp-content\/uploads\/sites\/22\/2022\/10\/IMG_20221210_173031-2030x2048.jpg 2030w\" sizes=\"auto, (max-width: 2538px) 100vw, 2538px\"  loading=\"lazy\"><\/div><\/div>\n\t\t\t\t\t\t\n\t\t\t\t\t\t<div class=\"element-info\">\n\t\t\t\t\t\t\t<div class=\"title\">Maria Madalena G.B. Pessoa Jorge Oudinot Larcher<\/div>\n\t\t\t\t\t\t\t\n\t\t\t\t\t\t\t\t\t\t\t\t\t\t\t\t\t\t\t\t\t\t<dl class=\"affiliation-wrapper\"><dt class=\"affiliation-label visually-hidden\">Afilia\u00e7\u00e3o: <\/dt><dd class=\"affiliation-value\">C\u00edrculo Portugu\u00eas de Estudos Human\u00edsticos<\/dd><\/dl>\n\t\t\t\t\t\t\t\n\t\t\t\t\t\t\t\t\t\t\t\t\t<\/div>\n\t\t\t\t\t<\/a>\n\t\t\t\t<\/li>\n            \t\t\t\t<li class=\" flex-column col-12 col-lg-6  d-flex align-items-center element py-3\">\n\t\t\t\t\t<a href=\"https:\/\/sites.uab.pt\/cantanhede-historia-arte-e-patrimonio\/conhecer\/pedro-velez-unova\/\"  class=\"d-flex flex-column align-items-center text-decoration-none\" title=\"Saber mais sobre Pedro Rebelo Botelho Alfaro Velez\">\n\t\t\t\t\t\t\t\t\t\t\t\t\t\t\t\t\t\t<div class=\"entry-thumbnail-wrapper-bg\"><div class=\"entry-thumbnail-wrapper\"><img decoding=\"async\" src=\"https:\/\/sites.uab.pt\/cantanhede-historia-arte-e-patrimonio\/wp-content\/uploads\/sites\/22\/2022\/10\/Untitled-design-1.png\" width=\"591\" height=\"839\" class=\"attachment-news-list-thumbnails-size size-news-list-thumbnails-size block entry-thumbnail img-fluid\" alt=\"Pedro Rebelo Botelho Alfaro Velez\" srcset=\"https:\/\/sites.uab.pt\/cantanhede-historia-arte-e-patrimonio\/wp-content\/uploads\/sites\/22\/2022\/10\/Untitled-design-1.png 591w, https:\/\/sites.uab.pt\/cantanhede-historia-arte-e-patrimonio\/wp-content\/uploads\/sites\/22\/2022\/10\/Untitled-design-1-211x300.png 211w\" sizes=\"auto, (max-width: 591px) 100vw, 591px\"  loading=\"lazy\"><\/div><\/div>\n\t\t\t\t\t\t\n\t\t\t\t\t\t<div class=\"element-info\">\n\t\t\t\t\t\t\t<div class=\"title\">Pedro Rebelo Botelho Alfaro Velez<\/div>\n\t\t\t\t\t\t\t\n\t\t\t\t\t\t\t\t\t\t\t\t\t\t\t\t\t\t\t\t\t\t<dl class=\"affiliation-wrapper\"><dt class=\"affiliation-label visually-hidden\">Afilia\u00e7\u00e3o: <\/dt><dd class=\"affiliation-value\">Universidade Europeia<\/dd><\/dl>\n\t\t\t\t\t\t\t\n\t\t\t\t\t\t\t\t\t\t\t\t\t<\/div>\n\t\t\t\t\t<\/a>\n\t\t\t\t<\/li>\n            \t\t\t\t<li class=\" flex-column col-12 col-lg-6  d-flex align-items-center element py-3\">\n\t\t\t\t\t<a href=\"https:\/\/sites.uab.pt\/cantanhede-historia-arte-e-patrimonio\/conhecer\/renato-epifanio\/\"  class=\"d-flex flex-column align-items-center text-decoration-none\" title=\"Saber mais sobre Renato Epif\u00e2nio\">\n\t\t\t\t\t\t\t\t\t\t\t\t\t\t\t\t\t\t<div class=\"entry-thumbnail-wrapper-bg\"><div class=\"entry-thumbnail-wrapper\"><img decoding=\"async\" src=\"https:\/\/sites.uab.pt\/cantanhede-historia-arte-e-patrimonio\/wp-content\/uploads\/sites\/22\/2024\/07\/thumbnail_ren-TR-scaled.jpg\" width=\"1707\" height=\"2560\" class=\"attachment-news-list-thumbnails-size size-news-list-thumbnails-size block entry-thumbnail img-fluid\" alt=\"Renato Epif\u00e2nio\" srcset=\"https:\/\/sites.uab.pt\/cantanhede-historia-arte-e-patrimonio\/wp-content\/uploads\/sites\/22\/2024\/07\/thumbnail_ren-TR-scaled.jpg 1707w, https:\/\/sites.uab.pt\/cantanhede-historia-arte-e-patrimonio\/wp-content\/uploads\/sites\/22\/2024\/07\/thumbnail_ren-TR-200x300.jpg 200w, https:\/\/sites.uab.pt\/cantanhede-historia-arte-e-patrimonio\/wp-content\/uploads\/sites\/22\/2024\/07\/thumbnail_ren-TR-683x1024.jpg 683w, https:\/\/sites.uab.pt\/cantanhede-historia-arte-e-patrimonio\/wp-content\/uploads\/sites\/22\/2024\/07\/thumbnail_ren-TR-768x1152.jpg 768w, https:\/\/sites.uab.pt\/cantanhede-historia-arte-e-patrimonio\/wp-content\/uploads\/sites\/22\/2024\/07\/thumbnail_ren-TR-1024x1536.jpg 1024w, https:\/\/sites.uab.pt\/cantanhede-historia-arte-e-patrimonio\/wp-content\/uploads\/sites\/22\/2024\/07\/thumbnail_ren-TR-1365x2048.jpg 1365w\" sizes=\"auto, (max-width: 1707px) 100vw, 1707px\"  loading=\"lazy\"><\/div><\/div>\n\t\t\t\t\t\t\n\t\t\t\t\t\t<div class=\"element-info\">\n\t\t\t\t\t\t\t<div class=\"title\">Renato Epif\u00e2nio<\/div>\n\t\t\t\t\t\t\t\n\t\t\t\t\t\t\t\t\t\t\t\t\t\t\t\t\t\t\t\t\t\t<dl class=\"affiliation-wrapper\"><dt class=\"affiliation-label visually-hidden\">Afilia\u00e7\u00e3o: <\/dt><dd class=\"affiliation-value\">Movimento Internacional Lus\u00f3fono<\/dd><\/dl>\n\t\t\t\t\t\t\t\n\t\t\t\t\t\t\t\t\t\t\t\t\t<\/div>\n\t\t\t\t\t<\/a>\n\t\t\t\t<\/li>\n            \t\t\t\t<li class=\" flex-column col-12 col-lg-6  d-flex align-items-center element py-3\">\n\t\t\t\t\t<a href=\"https:\/\/sites.uab.pt\/cantanhede-historia-arte-e-patrimonio\/conhecer\/virgolino-ferreira-jorge\/\"  class=\"d-flex flex-column align-items-center text-decoration-none\" title=\"Saber mais sobre Virgolino Ferreira Jorge\">\n\t\t\t\t\t\t\t\t\t\t\t\t\t\t\t\t\t\t<div class=\"entry-thumbnail-wrapper-bg\"><div class=\"entry-thumbnail-wrapper\"><img decoding=\"async\" src=\"https:\/\/sites.uab.pt\/cantanhede-historia-arte-e-patrimonio\/wp-content\/uploads\/sites\/22\/2022\/10\/Virgolino-Jorge.png\" width=\"255\" height=\"311\" class=\"attachment-news-list-thumbnails-size size-news-list-thumbnails-size block entry-thumbnail img-fluid\" alt=\"Virgolino Ferreira Jorge\" srcset=\"https:\/\/sites.uab.pt\/cantanhede-historia-arte-e-patrimonio\/wp-content\/uploads\/sites\/22\/2022\/10\/Virgolino-Jorge.png 255w, https:\/\/sites.uab.pt\/cantanhede-historia-arte-e-patrimonio\/wp-content\/uploads\/sites\/22\/2022\/10\/Virgolino-Jorge-246x300.png 246w\" sizes=\"auto, (max-width: 255px) 100vw, 255px\"  loading=\"lazy\"><\/div><\/div>\n\t\t\t\t\t\t\n\t\t\t\t\t\t<div class=\"element-info\">\n\t\t\t\t\t\t\t<div class=\"title\">Virgolino Ferreira Jorge<\/div>\n\t\t\t\t\t\t\t\n\t\t\t\t\t\t\t\t\t\t\t\t\t\t\t\t\t\t\t\t\t\t<dl class=\"affiliation-wrapper\"><dt class=\"affiliation-label visually-hidden\">Afilia\u00e7\u00e3o: <\/dt><dd class=\"affiliation-value\">Professor Aposentado da Universidade de \u00c9vora<\/dd><\/dl>\n\t\t\t\t\t\t\t\n\t\t\t\t\t\t\t\t\t\t\t\t\t<\/div>\n\t\t\t\t\t<\/a>\n\t\t\t\t<\/li>\n                    <\/ul>\n    <\/div>\n    <div class=\"clearfix\"><\/div>\n\n\n\n<div class=\"wp-block-columns is-layout-flex wp-container-core-columns-is-layout-9d6595d7 wp-block-columns-is-layout-flex\">\n<div class=\"wp-block-column is-layout-flow wp-block-column-is-layout-flow\"><\/div>\n<\/div>\n","protected":false},"excerpt":{"rendered":"CONVITE A COMUNICA\u00c7\u00c3O Cantanhede na Expans\u00e3o Na sequ\u00eancia dos anteriores Encontros Cantanhede \u2013 Hist\u00f3ria, Arte e Patrim\u00f3nio, de 2022 e 2023, o C\u00edrculo Portugu\u00eas de Estudos Human\u00edsticos, a Universidade Aberta e a C\u00e2mara Municipal de Cantanhede organizam, em colabora\u00e7\u00e3o com o Centro de Estudos de Hist\u00f3ria Local e Regional Salvador Dias Arnaut, com o Centro [&hellip;]","protected":false},"author":9,"featured_media":1261,"parent":1274,"menu_order":60,"comment_status":"closed","ping_status":"closed","template":"","meta":{"footnotes":""},"class_list":["post-1251","page","type-page","status-publish","has-post-thumbnail","hentry"],"_links":{"self":[{"href":"https:\/\/sites.uab.pt\/cantanhede-historia-arte-e-patrimonio\/wp-json\/wp\/v2\/pages\/1251","targetHints":{"allow":["GET"]}}],"collection":[{"href":"https:\/\/sites.uab.pt\/cantanhede-historia-arte-e-patrimonio\/wp-json\/wp\/v2\/pages"}],"about":[{"href":"https:\/\/sites.uab.pt\/cantanhede-historia-arte-e-patrimonio\/wp-json\/wp\/v2\/types\/page"}],"author":[{"embeddable":true,"href":"https:\/\/sites.uab.pt\/cantanhede-historia-arte-e-patrimonio\/wp-json\/wp\/v2\/users\/9"}],"replies":[{"embeddable":true,"href":"https:\/\/sites.uab.pt\/cantanhede-historia-arte-e-patrimonio\/wp-json\/wp\/v2\/comments?post=1251"}],"version-history":[{"count":10,"href":"https:\/\/sites.uab.pt\/cantanhede-historia-arte-e-patrimonio\/wp-json\/wp\/v2\/pages\/1251\/revisions"}],"predecessor-version":[{"id":1450,"href":"https:\/\/sites.uab.pt\/cantanhede-historia-arte-e-patrimonio\/wp-json\/wp\/v2\/pages\/1251\/revisions\/1450"}],"up":[{"embeddable":true,"href":"https:\/\/sites.uab.pt\/cantanhede-historia-arte-e-patrimonio\/wp-json\/wp\/v2\/pages\/1274"}],"wp:featuredmedia":[{"embeddable":true,"href":"https:\/\/sites.uab.pt\/cantanhede-historia-arte-e-patrimonio\/wp-json\/wp\/v2\/media\/1261"}],"wp:attachment":[{"href":"https:\/\/sites.uab.pt\/cantanhede-historia-arte-e-patrimonio\/wp-json\/wp\/v2\/media?parent=1251"}],"curies":[{"name":"wp","href":"https:\/\/api.w.org\/{rel}","templated":true}]}}