{"id":150,"date":"2022-10-20T10:46:29","date_gmt":"2022-10-20T10:46:29","guid":{"rendered":"https:\/\/sites.uab.pt\/congresso-humanidades\/?page_id=150"},"modified":"2023-03-01T14:51:57","modified_gmt":"2023-03-01T14:51:57","slug":"oradores","status":"publish","type":"page","link":"https:\/\/sites.uab.pt\/cantanhede-historia-arte-e-patrimonio\/oradores\/","title":{"rendered":"Oradores"},"content":{"rendered":"\n<h2 class=\"wp-block-heading\">Oradores<\/h2>\n\n\n\n<div style=\"height:25px\" aria-hidden=\"true\" class=\"wp-block-spacer\"><\/div>\n\n\n\n        \n\n    <div class=\"\">\n        <ul class=\"elements row list-unstyled justify-content-center\">\n            \t\t\t\t<li class=\" flex-column col-12 col-lg-6  d-flex align-items-center element py-3\">\n\t\t\t\t\t<a href=\"https:\/\/sites.uab.pt\/cantanhede-historia-arte-e-patrimonio\/conhecer\/andre-almeida-paiva\/\"  class=\"d-flex flex-column align-items-center text-decoration-none\" title=\"Saber mais sobre Andr\u00e9 Almeida Paiva\">\n\t\t\t\t\t\t\t\t\t\t\t\t\t\t\t\t\t\t<div class=\"entry-thumbnail-wrapper-bg\"><div class=\"entry-thumbnail-wrapper\"><img decoding=\"async\" src=\"https:\/\/sites.uab.pt\/cantanhede-historia-arte-e-patrimonio\/wp-content\/uploads\/sites\/22\/2023\/03\/Foto-2_aapaiva.jpg\" width=\"2048\" height=\"1536\" class=\"attachment-news-list-thumbnails-size size-news-list-thumbnails-size block entry-thumbnail img-fluid\" alt=\"Andr\u00e9 Almeida Paiva\" srcset=\"https:\/\/sites.uab.pt\/cantanhede-historia-arte-e-patrimonio\/wp-content\/uploads\/sites\/22\/2023\/03\/Foto-2_aapaiva.jpg 2048w, https:\/\/sites.uab.pt\/cantanhede-historia-arte-e-patrimonio\/wp-content\/uploads\/sites\/22\/2023\/03\/Foto-2_aapaiva-300x225.jpg 300w, https:\/\/sites.uab.pt\/cantanhede-historia-arte-e-patrimonio\/wp-content\/uploads\/sites\/22\/2023\/03\/Foto-2_aapaiva-1024x768.jpg 1024w, https:\/\/sites.uab.pt\/cantanhede-historia-arte-e-patrimonio\/wp-content\/uploads\/sites\/22\/2023\/03\/Foto-2_aapaiva-768x576.jpg 768w, https:\/\/sites.uab.pt\/cantanhede-historia-arte-e-patrimonio\/wp-content\/uploads\/sites\/22\/2023\/03\/Foto-2_aapaiva-1536x1152.jpg 1536w\" sizes=\"auto, (max-width: 2048px) 100vw, 2048px\"  loading=\"lazy\"><\/div><\/div>\n\t\t\t\t\t\t\n\t\t\t\t\t\t<div class=\"element-info\">\n\t\t\t\t\t\t\t<div class=\"title\">Andr\u00e9 Almeida Paiva<\/div>\n\t\t\t\t\t\t\t\n\t\t\t\t\t\t\t\t\t\t\t\t\t\t\n\t\t\t\t\t\t\t\t\t\t\t\t\t<\/div>\n\t\t\t\t\t<\/a>\n\t\t\t\t<\/li>\n            \t\t\t\t<li class=\" flex-column col-12 col-lg-6  d-flex align-items-center element py-3\">\n\t\t\t\t\t<a href=\"https:\/\/sites.uab.pt\/cantanhede-historia-arte-e-patrimonio\/conhecer\/antonio-fernando-rodrigues-da-costa\/\"  class=\"d-flex flex-column align-items-center text-decoration-none\" title=\"Saber mais sobre Ant\u00f3nio Fernando Rodrigues da Costa\">\n\t\t\t\t\t\t\t\t\t\t\t\t\t\t\t\t\t\t<div class=\"entry-thumbnail-wrapper-bg\"><div class=\"entry-thumbnail-wrapper\"><img decoding=\"async\" src=\"https:\/\/sites.uab.pt\/cantanhede-historia-arte-e-patrimonio\/wp-content\/uploads\/sites\/22\/2023\/03\/Fernando-20-1-2023-01-scaled-e1683560460687.jpg\" width=\"1920\" height=\"1920\" class=\"attachment-news-list-thumbnails-size size-news-list-thumbnails-size block entry-thumbnail img-fluid\" alt=\"Rodrigues Costa\" srcset=\"https:\/\/sites.uab.pt\/cantanhede-historia-arte-e-patrimonio\/wp-content\/uploads\/sites\/22\/2023\/03\/Fernando-20-1-2023-01-scaled-e1683560460687.jpg 1920w, https:\/\/sites.uab.pt\/cantanhede-historia-arte-e-patrimonio\/wp-content\/uploads\/sites\/22\/2023\/03\/Fernando-20-1-2023-01-scaled-e1683560460687-300x300.jpg 300w, https:\/\/sites.uab.pt\/cantanhede-historia-arte-e-patrimonio\/wp-content\/uploads\/sites\/22\/2023\/03\/Fernando-20-1-2023-01-scaled-e1683560460687-1024x1024.jpg 1024w, https:\/\/sites.uab.pt\/cantanhede-historia-arte-e-patrimonio\/wp-content\/uploads\/sites\/22\/2023\/03\/Fernando-20-1-2023-01-scaled-e1683560460687-150x150.jpg 150w, https:\/\/sites.uab.pt\/cantanhede-historia-arte-e-patrimonio\/wp-content\/uploads\/sites\/22\/2023\/03\/Fernando-20-1-2023-01-scaled-e1683560460687-768x768.jpg 768w, https:\/\/sites.uab.pt\/cantanhede-historia-arte-e-patrimonio\/wp-content\/uploads\/sites\/22\/2023\/03\/Fernando-20-1-2023-01-scaled-e1683560460687-1536x1536.jpg 1536w\" sizes=\"auto, (max-width: 1920px) 100vw, 1920px\"  loading=\"lazy\"><\/div><\/div>\n\t\t\t\t\t\t\n\t\t\t\t\t\t<div class=\"element-info\">\n\t\t\t\t\t\t\t<div class=\"title\">Ant\u00f3nio Fernando Rodrigues da Costa<\/div>\n\t\t\t\t\t\t\t\n\t\t\t\t\t\t\t\t\t\t\t\t\t\t\n\t\t\t\t\t\t\t\t\t\t\t\t\t<\/div>\n\t\t\t\t\t<\/a>\n\t\t\t\t<\/li>\n            \t\t\t\t<li class=\" flex-column col-12 col-lg-6  d-flex align-items-center element py-3\">\n\t\t\t\t\t<a href=\"https:\/\/sites.uab.pt\/cantanhede-historia-arte-e-patrimonio\/conhecer\/carlos-pereira\/\"  class=\"d-flex flex-column align-items-center text-decoration-none\" title=\"Saber mais sobre Carlos Pereira\">\n\t\t\t\t\t\t\n\t\t\t\t\t\t<div class=\"element-info\">\n\t\t\t\t\t\t\t<div class=\"title\">Carlos Pereira<\/div>\n\t\t\t\t\t\t\t\n\t\t\t\t\t\t\t\t\t\t\t\t\t\t\n\t\t\t\t\t\t\t\t\t\t\t\t\t<\/div>\n\t\t\t\t\t<\/a>\n\t\t\t\t<\/li>\n            \t\t\t\t<li class=\" flex-column col-12 col-lg-6  d-flex align-items-center element py-3\">\n\t\t\t\t\t<a href=\"https:\/\/sites.uab.pt\/cantanhede-historia-arte-e-patrimonio\/conhecer\/cristina-nogueira\/\"  class=\"d-flex flex-column align-items-center text-decoration-none\" title=\"Saber mais sobre Cristina Nogueira\">\n\t\t\t\t\t\t\t\t\t\t\t\t\t\t\t\t\t\t<div class=\"entry-thumbnail-wrapper-bg\"><div class=\"entry-thumbnail-wrapper\"><img decoding=\"async\" src=\"https:\/\/sites.uab.pt\/cantanhede-historia-arte-e-patrimonio\/wp-content\/uploads\/sites\/22\/2023\/03\/Cristina-Nogueira.jpg\" width=\"1108\" height=\"1059\" class=\"attachment-news-list-thumbnails-size size-news-list-thumbnails-size block entry-thumbnail img-fluid\" alt=\"Cristina Nogueira\" srcset=\"https:\/\/sites.uab.pt\/cantanhede-historia-arte-e-patrimonio\/wp-content\/uploads\/sites\/22\/2023\/03\/Cristina-Nogueira.jpg 1108w, https:\/\/sites.uab.pt\/cantanhede-historia-arte-e-patrimonio\/wp-content\/uploads\/sites\/22\/2023\/03\/Cristina-Nogueira-300x287.jpg 300w, https:\/\/sites.uab.pt\/cantanhede-historia-arte-e-patrimonio\/wp-content\/uploads\/sites\/22\/2023\/03\/Cristina-Nogueira-1024x979.jpg 1024w, https:\/\/sites.uab.pt\/cantanhede-historia-arte-e-patrimonio\/wp-content\/uploads\/sites\/22\/2023\/03\/Cristina-Nogueira-768x734.jpg 768w\" sizes=\"auto, (max-width: 1108px) 100vw, 1108px\"  loading=\"lazy\"><\/div><\/div>\n\t\t\t\t\t\t\n\t\t\t\t\t\t<div class=\"element-info\">\n\t\t\t\t\t\t\t<div class=\"title\">Cristina Nogueira<\/div>\n\t\t\t\t\t\t\t\n\t\t\t\t\t\t\t\t\t\t\t\t\t\t\n\t\t\t\t\t\t\t\t\t\t\t\t\t<\/div>\n\t\t\t\t\t<\/a>\n\t\t\t\t<\/li>\n            \t\t\t\t<li class=\" flex-column col-12 col-lg-6  d-flex align-items-center element py-3\">\n\t\t\t\t\t<a href=\"https:\/\/sites.uab.pt\/cantanhede-historia-arte-e-patrimonio\/conhecer\/fernando-oudinot-larcher\/\"  class=\"d-flex flex-column align-items-center text-decoration-none\" title=\"Saber mais sobre Fernando Oudinot Larcher\">\n\t\t\t\t\t\t\t\t\t\t\t\t\t\t\t\t\t\t<div class=\"entry-thumbnail-wrapper-bg\"><div class=\"entry-thumbnail-wrapper\"><img decoding=\"async\" src=\"https:\/\/sites.uab.pt\/cantanhede-historia-arte-e-patrimonio\/wp-content\/uploads\/sites\/22\/2022\/10\/IMG_20221210_181144-1-e1675179681431.jpg\" width=\"1982\" height=\"1982\" class=\"attachment-news-list-thumbnails-size size-news-list-thumbnails-size block entry-thumbnail img-fluid\" alt=\"Fernando Oudinot Larcher\" srcset=\"https:\/\/sites.uab.pt\/cantanhede-historia-arte-e-patrimonio\/wp-content\/uploads\/sites\/22\/2022\/10\/IMG_20221210_181144-1-e1675179681431.jpg 1982w, https:\/\/sites.uab.pt\/cantanhede-historia-arte-e-patrimonio\/wp-content\/uploads\/sites\/22\/2022\/10\/IMG_20221210_181144-1-e1675179681431-300x300.jpg 300w, https:\/\/sites.uab.pt\/cantanhede-historia-arte-e-patrimonio\/wp-content\/uploads\/sites\/22\/2022\/10\/IMG_20221210_181144-1-e1675179681431-1024x1024.jpg 1024w, https:\/\/sites.uab.pt\/cantanhede-historia-arte-e-patrimonio\/wp-content\/uploads\/sites\/22\/2022\/10\/IMG_20221210_181144-1-e1675179681431-150x150.jpg 150w, https:\/\/sites.uab.pt\/cantanhede-historia-arte-e-patrimonio\/wp-content\/uploads\/sites\/22\/2022\/10\/IMG_20221210_181144-1-e1675179681431-768x768.jpg 768w, https:\/\/sites.uab.pt\/cantanhede-historia-arte-e-patrimonio\/wp-content\/uploads\/sites\/22\/2022\/10\/IMG_20221210_181144-1-e1675179681431-1536x1536.jpg 1536w\" sizes=\"auto, (max-width: 1982px) 100vw, 1982px\"  loading=\"lazy\"><\/div><\/div>\n\t\t\t\t\t\t\n\t\t\t\t\t\t<div class=\"element-info\">\n\t\t\t\t\t\t\t<div class=\"title\">Fernando Oudinot Larcher<\/div>\n\t\t\t\t\t\t\t\n\t\t\t\t\t\t\t\t\t\t\t\t\t\t\t\t\t\t\t\t\t\t<dl class=\"affiliation-wrapper\"><dt class=\"affiliation-label visually-hidden\">Afilia\u00e7\u00e3o: <\/dt><dd class=\"affiliation-value\">C\u00edrculo Portugu\u00eas de Estudos Human\u00edsticos<\/dd><\/dl>\n\t\t\t\t\t\t\t\n\t\t\t\t\t\t\t\t\t\t\t\t\t<\/div>\n\t\t\t\t\t<\/a>\n\t\t\t\t<\/li>\n            \t\t\t\t<li class=\" flex-column col-12 col-lg-6  d-flex align-items-center element py-3\">\n\t\t\t\t\t<a href=\"https:\/\/sites.uab.pt\/cantanhede-historia-arte-e-patrimonio\/conhecer\/francisco-henriques\/\"  class=\"d-flex flex-column align-items-center text-decoration-none\" title=\"Saber mais sobre Francisco Henriques\">\n\t\t\t\t\t\t\t\t\t\t\t\t\t\t\t\t\t\t<div class=\"entry-thumbnail-wrapper-bg\"><div class=\"entry-thumbnail-wrapper\"><img decoding=\"async\" src=\"https:\/\/sites.uab.pt\/cantanhede-historia-arte-e-patrimonio\/wp-content\/uploads\/sites\/22\/2026\/03\/FH.png\" width=\"1755\" height=\"1755\" class=\"attachment-news-list-thumbnails-size size-news-list-thumbnails-size block entry-thumbnail img-fluid\" alt=\"Francisco Henriques\" srcset=\"https:\/\/sites.uab.pt\/cantanhede-historia-arte-e-patrimonio\/wp-content\/uploads\/sites\/22\/2026\/03\/FH.png 1755w, https:\/\/sites.uab.pt\/cantanhede-historia-arte-e-patrimonio\/wp-content\/uploads\/sites\/22\/2026\/03\/FH-300x300.png 300w, https:\/\/sites.uab.pt\/cantanhede-historia-arte-e-patrimonio\/wp-content\/uploads\/sites\/22\/2026\/03\/FH-1024x1024.png 1024w, https:\/\/sites.uab.pt\/cantanhede-historia-arte-e-patrimonio\/wp-content\/uploads\/sites\/22\/2026\/03\/FH-150x150.png 150w, https:\/\/sites.uab.pt\/cantanhede-historia-arte-e-patrimonio\/wp-content\/uploads\/sites\/22\/2026\/03\/FH-768x768.png 768w, https:\/\/sites.uab.pt\/cantanhede-historia-arte-e-patrimonio\/wp-content\/uploads\/sites\/22\/2026\/03\/FH-1536x1536.png 1536w\" sizes=\"auto, (max-width: 1755px) 100vw, 1755px\"  loading=\"lazy\"><\/div><\/div>\n\t\t\t\t\t\t\n\t\t\t\t\t\t<div class=\"element-info\">\n\t\t\t\t\t\t\t<div class=\"title\">Francisco Henriques<\/div>\n\t\t\t\t\t\t\t\n\t\t\t\t\t\t\t\t\t\t\t\t\t\t\n\t\t\t\t\t\t\t\t\t\t\t\t\t<\/div>\n\t\t\t\t\t<\/a>\n\t\t\t\t<\/li>\n            \t\t\t\t<li class=\" flex-column col-12 col-lg-6  d-flex align-items-center element py-3\">\n\t\t\t\t\t<a href=\"https:\/\/sites.uab.pt\/cantanhede-historia-arte-e-patrimonio\/conhecer\/guilhermina-mota\/\"  class=\"d-flex flex-column align-items-center text-decoration-none\" title=\"Saber mais sobre Guilhermina Mota\">\n\t\t\t\t\t\t\t\t\t\t\t\t\t\t\t\t\t\t<div class=\"entry-thumbnail-wrapper-bg\"><div class=\"entry-thumbnail-wrapper\"><img decoding=\"async\" src=\"https:\/\/sites.uab.pt\/cantanhede-historia-arte-e-patrimonio\/wp-content\/uploads\/sites\/22\/2022\/10\/thumbnail_guimota-e1671187440523.jpg\" width=\"590\" height=\"709\" class=\"attachment-news-list-thumbnails-size size-news-list-thumbnails-size block entry-thumbnail img-fluid\" alt=\"Guilhermina Mota\" srcset=\"https:\/\/sites.uab.pt\/cantanhede-historia-arte-e-patrimonio\/wp-content\/uploads\/sites\/22\/2022\/10\/thumbnail_guimota-e1671187440523.jpg 590w, https:\/\/sites.uab.pt\/cantanhede-historia-arte-e-patrimonio\/wp-content\/uploads\/sites\/22\/2022\/10\/thumbnail_guimota-e1671187440523-250x300.jpg 250w\" sizes=\"auto, (max-width: 590px) 100vw, 590px\"  loading=\"lazy\"><\/div><\/div>\n\t\t\t\t\t\t\n\t\t\t\t\t\t<div class=\"element-info\">\n\t\t\t\t\t\t\t<div class=\"title\">Guilhermina Mota<\/div>\n\t\t\t\t\t\t\t\n\t\t\t\t\t\t\t\t\t\t\t\t\t\t\t\t\t\t\t\t\t\t<dl class=\"affiliation-wrapper\"><dt class=\"affiliation-label visually-hidden\">Afilia\u00e7\u00e3o: <\/dt><dd class=\"affiliation-value\">Professora Aposentada da Universidade de Coimbra<\/dd><\/dl>\n\t\t\t\t\t\t\t\n\t\t\t\t\t\t\t\t\t\t\t\t\t<\/div>\n\t\t\t\t\t<\/a>\n\t\t\t\t<\/li>\n            \t\t\t\t<li class=\" flex-column col-12 col-lg-6  d-flex align-items-center element py-3\">\n\t\t\t\t\t<a href=\"https:\/\/sites.uab.pt\/cantanhede-historia-arte-e-patrimonio\/conhecer\/manuel-cidalino-madaleno\/\"  class=\"d-flex flex-column align-items-center text-decoration-none\" title=\"Saber mais sobre Manuel Cidalino Madaleno\">\n\t\t\t\t\t\t\n\t\t\t\t\t\t<div class=\"element-info\">\n\t\t\t\t\t\t\t<div class=\"title\">Manuel Cidalino Madaleno<\/div>\n\t\t\t\t\t\t\t\n\t\t\t\t\t\t\t\t\t\t\t\t\t\t\n\t\t\t\t\t\t\t\t\t\t\t\t\t<\/div>\n\t\t\t\t\t<\/a>\n\t\t\t\t<\/li>\n            \t\t\t\t<li class=\" flex-column col-12 col-lg-6  d-flex align-items-center element py-3\">\n\t\t\t\t\t<a href=\"https:\/\/sites.uab.pt\/cantanhede-historia-arte-e-patrimonio\/conhecer\/maria-alegria-fernandes-marques\/\"  class=\"d-flex flex-column align-items-center text-decoration-none\" title=\"Saber mais sobre Maria Alegria Fernandes Marques\">\n\t\t\t\t\t\t\t\t\t\t\t\t\t\t\t\t\t\t<div class=\"entry-thumbnail-wrapper-bg\"><div class=\"entry-thumbnail-wrapper\"><img decoding=\"async\" src=\"https:\/\/sites.uab.pt\/cantanhede-historia-arte-e-patrimonio\/wp-content\/uploads\/sites\/22\/2023\/03\/6522892-2.jpg\" width=\"295\" height=\"316\" class=\"attachment-news-list-thumbnails-size size-news-list-thumbnails-size block entry-thumbnail img-fluid\" alt=\"Maria Alegria Marques\" srcset=\"https:\/\/sites.uab.pt\/cantanhede-historia-arte-e-patrimonio\/wp-content\/uploads\/sites\/22\/2023\/03\/6522892-2.jpg 295w, https:\/\/sites.uab.pt\/cantanhede-historia-arte-e-patrimonio\/wp-content\/uploads\/sites\/22\/2023\/03\/6522892-2-280x300.jpg 280w\" sizes=\"auto, (max-width: 295px) 100vw, 295px\"  loading=\"lazy\"><\/div><\/div>\n\t\t\t\t\t\t\n\t\t\t\t\t\t<div class=\"element-info\">\n\t\t\t\t\t\t\t<div class=\"title\">Maria Alegria Fernandes Marques<\/div>\n\t\t\t\t\t\t\t\n\t\t\t\t\t\t\t\t\t\t\t\t\t\t\n\t\t\t\t\t\t\t\t\t\t\t\t\t<\/div>\n\t\t\t\t\t<\/a>\n\t\t\t\t<\/li>\n            \t\t\t\t<li class=\" flex-column col-12 col-lg-6  d-flex align-items-center element py-3\">\n\t\t\t\t\t<a href=\"https:\/\/sites.uab.pt\/cantanhede-historia-arte-e-patrimonio\/conhecer\/maria-de-lurdes-craveiro\/\"  class=\"d-flex flex-column align-items-center text-decoration-none\" title=\"Saber mais sobre Maria de Lurdes Craveiro\">\n\t\t\t\t\t\t\t\t\t\t\t\t\t\t\t\t\t\t<div class=\"entry-thumbnail-wrapper-bg\"><div class=\"entry-thumbnail-wrapper\"><img decoding=\"async\" src=\"https:\/\/sites.uab.pt\/cantanhede-historia-arte-e-patrimonio\/wp-content\/uploads\/sites\/22\/2026\/03\/Maria-de-Lurdes-Craveiro-scaled-e1772799852348.jpg\" width=\"1920\" height=\"1835\" class=\"attachment-news-list-thumbnails-size size-news-list-thumbnails-size block entry-thumbnail img-fluid\" alt=\"Maria de Lurdes Craveiro\" srcset=\"https:\/\/sites.uab.pt\/cantanhede-historia-arte-e-patrimonio\/wp-content\/uploads\/sites\/22\/2026\/03\/Maria-de-Lurdes-Craveiro-scaled-e1772799852348.jpg 1920w, https:\/\/sites.uab.pt\/cantanhede-historia-arte-e-patrimonio\/wp-content\/uploads\/sites\/22\/2026\/03\/Maria-de-Lurdes-Craveiro-scaled-e1772799852348-300x287.jpg 300w, https:\/\/sites.uab.pt\/cantanhede-historia-arte-e-patrimonio\/wp-content\/uploads\/sites\/22\/2026\/03\/Maria-de-Lurdes-Craveiro-scaled-e1772799852348-1024x979.jpg 1024w, https:\/\/sites.uab.pt\/cantanhede-historia-arte-e-patrimonio\/wp-content\/uploads\/sites\/22\/2026\/03\/Maria-de-Lurdes-Craveiro-scaled-e1772799852348-768x734.jpg 768w, https:\/\/sites.uab.pt\/cantanhede-historia-arte-e-patrimonio\/wp-content\/uploads\/sites\/22\/2026\/03\/Maria-de-Lurdes-Craveiro-scaled-e1772799852348-1536x1468.jpg 1536w\" sizes=\"auto, (max-width: 1920px) 100vw, 1920px\"  loading=\"lazy\"><\/div><\/div>\n\t\t\t\t\t\t\n\t\t\t\t\t\t<div class=\"element-info\">\n\t\t\t\t\t\t\t<div class=\"title\">Maria de Lurdes Craveiro<\/div>\n\t\t\t\t\t\t\t\n\t\t\t\t\t\t\t\t\t\t\t\t\t\t\t\t\t\t\t\t\t\t<dl class=\"affiliation-wrapper\"><dt class=\"affiliation-label visually-hidden\">Afilia\u00e7\u00e3o: <\/dt><dd class=\"affiliation-value\">Universidade de Coimbra<\/dd><\/dl>\n\t\t\t\t\t\t\t\n\t\t\t\t\t\t\t\t\t\t\t\t\t<\/div>\n\t\t\t\t\t<\/a>\n\t\t\t\t<\/li>\n            \t\t\t\t<li class=\" flex-column col-12 col-lg-6  d-flex align-items-center element py-3\">\n\t\t\t\t\t<a href=\"https:\/\/sites.uab.pt\/cantanhede-historia-arte-e-patrimonio\/conhecer\/pedro-velez-unova\/\"  class=\"d-flex flex-column align-items-center text-decoration-none\" title=\"Saber mais sobre Pedro Rebelo Botelho Alfaro Velez\">\n\t\t\t\t\t\t\t\t\t\t\t\t\t\t\t\t\t\t<div class=\"entry-thumbnail-wrapper-bg\"><div class=\"entry-thumbnail-wrapper\"><img decoding=\"async\" src=\"https:\/\/sites.uab.pt\/cantanhede-historia-arte-e-patrimonio\/wp-content\/uploads\/sites\/22\/2022\/10\/Untitled-design-1.png\" width=\"591\" height=\"839\" class=\"attachment-news-list-thumbnails-size size-news-list-thumbnails-size block entry-thumbnail img-fluid\" alt=\"Pedro Rebelo Botelho Alfaro Velez\" srcset=\"https:\/\/sites.uab.pt\/cantanhede-historia-arte-e-patrimonio\/wp-content\/uploads\/sites\/22\/2022\/10\/Untitled-design-1.png 591w, https:\/\/sites.uab.pt\/cantanhede-historia-arte-e-patrimonio\/wp-content\/uploads\/sites\/22\/2022\/10\/Untitled-design-1-211x300.png 211w\" sizes=\"auto, (max-width: 591px) 100vw, 591px\"  loading=\"lazy\"><\/div><\/div>\n\t\t\t\t\t\t\n\t\t\t\t\t\t<div class=\"element-info\">\n\t\t\t\t\t\t\t<div class=\"title\">Pedro Rebelo Botelho Alfaro Velez<\/div>\n\t\t\t\t\t\t\t\n\t\t\t\t\t\t\t\t\t\t\t\t\t\t\t\t\t\t\t\t\t\t<dl class=\"affiliation-wrapper\"><dt class=\"affiliation-label visually-hidden\">Afilia\u00e7\u00e3o: <\/dt><dd class=\"affiliation-value\">Universidade Europeia<\/dd><\/dl>\n\t\t\t\t\t\t\t\n\t\t\t\t\t\t\t\t\t\t\t\t\t<\/div>\n\t\t\t\t\t<\/a>\n\t\t\t\t<\/li>\n                    <\/ul>\n    <\/div>\n    <div class=\"clearfix\"><\/div>\n","protected":false},"excerpt":{"rendered":"Oradores","protected":false},"author":1,"featured_media":0,"parent":0,"menu_order":50,"comment_status":"closed","ping_status":"closed","template":"","meta":{"footnotes":""},"class_list":["post-150","page","type-page","status-publish","hentry"],"_links":{"self":[{"href":"https:\/\/sites.uab.pt\/cantanhede-historia-arte-e-patrimonio\/wp-json\/wp\/v2\/pages\/150","targetHints":{"allow":["GET"]}}],"collection":[{"href":"https:\/\/sites.uab.pt\/cantanhede-historia-arte-e-patrimonio\/wp-json\/wp\/v2\/pages"}],"about":[{"href":"https:\/\/sites.uab.pt\/cantanhede-historia-arte-e-patrimonio\/wp-json\/wp\/v2\/types\/page"}],"author":[{"embeddable":true,"href":"https:\/\/sites.uab.pt\/cantanhede-historia-arte-e-patrimonio\/wp-json\/wp\/v2\/users\/1"}],"replies":[{"embeddable":true,"href":"https:\/\/sites.uab.pt\/cantanhede-historia-arte-e-patrimonio\/wp-json\/wp\/v2\/comments?post=150"}],"version-history":[{"count":2,"href":"https:\/\/sites.uab.pt\/cantanhede-historia-arte-e-patrimonio\/wp-json\/wp\/v2\/pages\/150\/revisions"}],"predecessor-version":[{"id":1079,"href":"https:\/\/sites.uab.pt\/cantanhede-historia-arte-e-patrimonio\/wp-json\/wp\/v2\/pages\/150\/revisions\/1079"}],"wp:attachment":[{"href":"https:\/\/sites.uab.pt\/cantanhede-historia-arte-e-patrimonio\/wp-json\/wp\/v2\/media?parent=150"}],"curies":[{"name":"wp","href":"https:\/\/api.w.org\/{rel}","templated":true}]}}