{"id":806,"date":"2022-11-11T09:57:22","date_gmt":"2022-11-11T09:57:22","guid":{"rendered":"https:\/\/sites.uab.pt\/ii-encontro-catanhede\/?page_id=806"},"modified":"2024-04-29T12:44:16","modified_gmt":"2024-04-29T12:44:16","slug":"retrospetiva","status":"publish","type":"page","link":"https:\/\/sites.uab.pt\/cantanhede-historia-arte-e-patrimonio\/encontros\/retrospetiva\/","title":{"rendered":"I Encontro"},"content":{"rendered":"\n<p class=\"has-text-color has-large-font-size\" style=\"color:#cb9809\"><strong>I Encontro:&nbsp;Cantanhede&nbsp;\u2013 Hist\u00f3ria, Arte e Patrim\u00f3nio<\/strong><\/p>\n\n\n\n<p class=\"has-medium-font-size\">Este 1.\u00ba Encontro foi uma oportunidade \u00fanica para revisitar as refer\u00eancias fundamentais e identit\u00e1rias da cidade e do concelho, a partir da perspetiva de&nbsp;especialistas&nbsp;acad\u00e9micos&nbsp;sob a&nbsp;tr\u00edade&nbsp;de abordagem&nbsp;Hist\u00f3ria, Arte e Patrim\u00f3nio.&nbsp;<\/p>\n\n\n\n<p class=\"has-medium-font-size\">O Encontro centrou-se em dois <strong>f\u00f3runs<\/strong>:&nbsp;<\/p>\n\n\n\n<ul class=\"wp-block-list\">\n<li class=\"has-medium-font-size\">Cantanhede: Das Origens remotas ao fim do Antigo Regime &nbsp;<\/li>\n\n\n\n<li class=\"has-medium-font-size\">Cantanhede: P\u00f3s-Revolu\u00e7\u00e3o Liberal &nbsp;<\/li>\n<\/ul>\n\n\n\n<p class=\"has-medium-font-size\">E duas <strong>visitas guiadas<\/strong>:&nbsp;<\/p>\n\n\n\n<ul class=\"wp-block-list\">\n<li class=\"has-medium-font-size\">Visita \u00e0 Capela da Varziela&nbsp;<\/li>\n\n\n\n<li class=\"has-medium-font-size\">Do Rossio de&nbsp;Cantanhede&nbsp;\u00e0 Igreja do Convento&nbsp;<\/li>\n<\/ul>\n\n\n\n<p><\/p>\n\n\n\n<figure class=\"wp-block-image size-large\"><img loading=\"lazy\" decoding=\"async\" width=\"820\" height=\"1024\" src=\"https:\/\/sites.uab.pt\/cantanhede-historia-arte-e-patrimonio\/wp-content\/uploads\/sites\/22\/2022\/11\/Cartaz-Cantanhede-PatrimonioW-06-820x1024.png\" alt=\"\" class=\"wp-image-863\" srcset=\"https:\/\/sites.uab.pt\/cantanhede-historia-arte-e-patrimonio\/wp-content\/uploads\/sites\/22\/2022\/11\/Cartaz-Cantanhede-PatrimonioW-06-820x1024.png 820w, https:\/\/sites.uab.pt\/cantanhede-historia-arte-e-patrimonio\/wp-content\/uploads\/sites\/22\/2022\/11\/Cartaz-Cantanhede-PatrimonioW-06-240x300.png 240w, https:\/\/sites.uab.pt\/cantanhede-historia-arte-e-patrimonio\/wp-content\/uploads\/sites\/22\/2022\/11\/Cartaz-Cantanhede-PatrimonioW-06-768x959.png 768w, https:\/\/sites.uab.pt\/cantanhede-historia-arte-e-patrimonio\/wp-content\/uploads\/sites\/22\/2022\/11\/Cartaz-Cantanhede-PatrimonioW-06.png 1139w\" sizes=\"auto, (max-width: 820px) 100vw, 820px\" \/><figcaption class=\"wp-element-caption\">Cartaz I Encontro: Cantanhede &#8211; Hist\u00f3ria, Arte e Patrim\u00f3nio<\/figcaption><\/figure>\n\n\n\n<p class=\"has-medium-font-size\">Esta iniciativa foi concretizada atrav\u00e9s da colabora\u00e7\u00e3o entre o Munic\u00edpio de&nbsp;Cantanhede, o C\u00edrculo Portugu\u00eas de Estudos Human\u00edsticos &#8211; Humana.Idade XXI, a Universidade Aberta e o Centro de Forma\u00e7\u00e3o da Associa\u00e7\u00e3o de Escolas Beira Mar.<br><br>A a\u00e7\u00e3o foi acreditada para docentes do ensino b\u00e1sico e secund\u00e1rio&nbsp;(despacho n.\u00ba 5741\/2015).&nbsp;<\/p>\n\n\n\n<figure class=\"wp-block-gallery has-nested-images columns-default is-cropped wp-block-gallery-1 is-layout-flex wp-block-gallery-is-layout-flex\">\n<figure class=\"wp-block-image size-large\"><img loading=\"lazy\" decoding=\"async\" width=\"512\" height=\"512\" data-id=\"871\" src=\"https:\/\/sites.uab.pt\/cantanhede-historia-arte-e-patrimonio\/wp-content\/uploads\/sites\/22\/2022\/11\/1.png\" alt=\"Sess\u00e3o de Abertura do Encontro\" class=\"wp-image-871\" srcset=\"https:\/\/sites.uab.pt\/cantanhede-historia-arte-e-patrimonio\/wp-content\/uploads\/sites\/22\/2022\/11\/1.png 512w, https:\/\/sites.uab.pt\/cantanhede-historia-arte-e-patrimonio\/wp-content\/uploads\/sites\/22\/2022\/11\/1-300x300.png 300w, https:\/\/sites.uab.pt\/cantanhede-historia-arte-e-patrimonio\/wp-content\/uploads\/sites\/22\/2022\/11\/1-150x150.png 150w\" sizes=\"auto, (max-width: 512px) 100vw, 512px\" \/><figcaption class=\"wp-element-caption\">Sess\u00e3o de Abertura<\/figcaption><\/figure>\n\n\n\n<figure class=\"wp-block-image size-large\"><img loading=\"lazy\" decoding=\"async\" width=\"512\" height=\"512\" data-id=\"872\" src=\"https:\/\/sites.uab.pt\/cantanhede-historia-arte-e-patrimonio\/wp-content\/uploads\/sites\/22\/2022\/11\/6.png\" alt=\" Visita \u00e0 Capela da Varziela\u00a0\" class=\"wp-image-872\" srcset=\"https:\/\/sites.uab.pt\/cantanhede-historia-arte-e-patrimonio\/wp-content\/uploads\/sites\/22\/2022\/11\/6.png 512w, https:\/\/sites.uab.pt\/cantanhede-historia-arte-e-patrimonio\/wp-content\/uploads\/sites\/22\/2022\/11\/6-300x300.png 300w, https:\/\/sites.uab.pt\/cantanhede-historia-arte-e-patrimonio\/wp-content\/uploads\/sites\/22\/2022\/11\/6-150x150.png 150w\" sizes=\"auto, (max-width: 512px) 100vw, 512px\" \/><figcaption class=\"wp-element-caption\"> Visita \u00e0 Capela da Varziela&nbsp;<\/figcaption><\/figure>\n\n\n\n<figure class=\"wp-block-image size-large\"><img loading=\"lazy\" decoding=\"async\" width=\"1024\" height=\"1024\" data-id=\"865\" src=\"https:\/\/sites.uab.pt\/cantanhede-historia-arte-e-patrimonio\/wp-content\/uploads\/sites\/22\/2022\/11\/10-1024x1024.png\" alt=\"Visita Guiada - Do Rossio de\u00a0Cantanhede\u00a0\u00e0 Igreja do Convento\u00a0- azulejos\" class=\"wp-image-865\" srcset=\"https:\/\/sites.uab.pt\/cantanhede-historia-arte-e-patrimonio\/wp-content\/uploads\/sites\/22\/2022\/11\/10-1024x1024.png 1024w, https:\/\/sites.uab.pt\/cantanhede-historia-arte-e-patrimonio\/wp-content\/uploads\/sites\/22\/2022\/11\/10-300x300.png 300w, https:\/\/sites.uab.pt\/cantanhede-historia-arte-e-patrimonio\/wp-content\/uploads\/sites\/22\/2022\/11\/10-150x150.png 150w, https:\/\/sites.uab.pt\/cantanhede-historia-arte-e-patrimonio\/wp-content\/uploads\/sites\/22\/2022\/11\/10-768x768.png 768w, https:\/\/sites.uab.pt\/cantanhede-historia-arte-e-patrimonio\/wp-content\/uploads\/sites\/22\/2022\/11\/10.png 1080w\" sizes=\"auto, (max-width: 1024px) 100vw, 1024px\" \/><figcaption class=\"wp-element-caption\">Visita Guiada &#8211; Do Rossio de&nbsp;Cantanhede&nbsp;\u00e0 Igreja do Convento<\/figcaption><\/figure>\n\n\n\n<figure class=\"wp-block-image size-large\"><img loading=\"lazy\" decoding=\"async\" width=\"1024\" height=\"1024\" data-id=\"870\" src=\"https:\/\/sites.uab.pt\/cantanhede-historia-arte-e-patrimonio\/wp-content\/uploads\/sites\/22\/2022\/11\/11-1024x1024.png\" alt=\"Visita Guiada - Do Rossio de\u00a0Cantanhede\u00a0\u00e0 Igreja do Convento\u00a0- Pa\u00e7os\" class=\"wp-image-870\" srcset=\"https:\/\/sites.uab.pt\/cantanhede-historia-arte-e-patrimonio\/wp-content\/uploads\/sites\/22\/2022\/11\/11-1024x1024.png 1024w, https:\/\/sites.uab.pt\/cantanhede-historia-arte-e-patrimonio\/wp-content\/uploads\/sites\/22\/2022\/11\/11-300x300.png 300w, https:\/\/sites.uab.pt\/cantanhede-historia-arte-e-patrimonio\/wp-content\/uploads\/sites\/22\/2022\/11\/11-150x150.png 150w, https:\/\/sites.uab.pt\/cantanhede-historia-arte-e-patrimonio\/wp-content\/uploads\/sites\/22\/2022\/11\/11-768x768.png 768w, https:\/\/sites.uab.pt\/cantanhede-historia-arte-e-patrimonio\/wp-content\/uploads\/sites\/22\/2022\/11\/11.png 1080w\" sizes=\"auto, (max-width: 1024px) 100vw, 1024px\" \/><figcaption class=\"wp-element-caption\">Visita Guiada &#8211; Do Rossio de&nbsp;Cantanhede&nbsp;\u00e0 Igreja do Convento<\/figcaption><\/figure>\n\n\n\n<figure class=\"wp-block-image size-large\"><img loading=\"lazy\" decoding=\"async\" width=\"1024\" height=\"1024\" data-id=\"868\" src=\"https:\/\/sites.uab.pt\/cantanhede-historia-arte-e-patrimonio\/wp-content\/uploads\/sites\/22\/2022\/11\/2-1024x1024.png\" alt=\"I F\u00f3rum - Cantanhede: Das Origens remotas ao fim do Antigo Regime \u00a0\" class=\"wp-image-868\" srcset=\"https:\/\/sites.uab.pt\/cantanhede-historia-arte-e-patrimonio\/wp-content\/uploads\/sites\/22\/2022\/11\/2-1024x1024.png 1024w, https:\/\/sites.uab.pt\/cantanhede-historia-arte-e-patrimonio\/wp-content\/uploads\/sites\/22\/2022\/11\/2-300x300.png 300w, https:\/\/sites.uab.pt\/cantanhede-historia-arte-e-patrimonio\/wp-content\/uploads\/sites\/22\/2022\/11\/2-150x150.png 150w, https:\/\/sites.uab.pt\/cantanhede-historia-arte-e-patrimonio\/wp-content\/uploads\/sites\/22\/2022\/11\/2-768x768.png 768w, https:\/\/sites.uab.pt\/cantanhede-historia-arte-e-patrimonio\/wp-content\/uploads\/sites\/22\/2022\/11\/2.png 1080w\" sizes=\"auto, (max-width: 1024px) 100vw, 1024px\" \/><figcaption class=\"wp-element-caption\">I F\u00f3rum &#8211; Cantanhede: Das Origens remotas ao fim do Antigo Regime<\/figcaption><\/figure>\n\n\n\n<figure class=\"wp-block-image size-large\"><img loading=\"lazy\" decoding=\"async\" width=\"1024\" height=\"1024\" data-id=\"869\" src=\"https:\/\/sites.uab.pt\/cantanhede-historia-arte-e-patrimonio\/wp-content\/uploads\/sites\/22\/2022\/11\/3-1024x1024.png\" alt=\"2.\u00ba F\u00f3rum - Cantanhede: P\u00f3s-Revolu\u00e7\u00e3o Liberal \u00a0\" class=\"wp-image-869\" srcset=\"https:\/\/sites.uab.pt\/cantanhede-historia-arte-e-patrimonio\/wp-content\/uploads\/sites\/22\/2022\/11\/3-1024x1024.png 1024w, https:\/\/sites.uab.pt\/cantanhede-historia-arte-e-patrimonio\/wp-content\/uploads\/sites\/22\/2022\/11\/3-300x300.png 300w, https:\/\/sites.uab.pt\/cantanhede-historia-arte-e-patrimonio\/wp-content\/uploads\/sites\/22\/2022\/11\/3-150x150.png 150w, https:\/\/sites.uab.pt\/cantanhede-historia-arte-e-patrimonio\/wp-content\/uploads\/sites\/22\/2022\/11\/3-768x768.png 768w, https:\/\/sites.uab.pt\/cantanhede-historia-arte-e-patrimonio\/wp-content\/uploads\/sites\/22\/2022\/11\/3.png 1080w\" sizes=\"auto, (max-width: 1024px) 100vw, 1024px\" \/><figcaption class=\"wp-element-caption\">2.\u00ba F\u00f3rum &#8211; Cantanhede: P\u00f3s-Revolu\u00e7\u00e3o Liberal &nbsp;<\/figcaption><\/figure>\n\n\n\n<figure class=\"wp-block-image size-large\"><img loading=\"lazy\" decoding=\"async\" width=\"1080\" height=\"1080\" data-id=\"867\" src=\"https:\/\/sites.uab.pt\/cantanhede-historia-arte-e-patrimonio\/wp-content\/uploads\/sites\/22\/2022\/11\/4-1024x1024.png\" alt=\"2.\u00ba F\u00f3rum \u2013 Cantanhede: P\u00f3s-Revolu\u00e7\u00e3o Liberal \" class=\"wp-image-867\" srcset=\"https:\/\/sites.uab.pt\/cantanhede-historia-arte-e-patrimonio\/wp-content\/uploads\/sites\/22\/2022\/11\/4-1024x1024.png 1024w, https:\/\/sites.uab.pt\/cantanhede-historia-arte-e-patrimonio\/wp-content\/uploads\/sites\/22\/2022\/11\/4-300x300.png 300w, https:\/\/sites.uab.pt\/cantanhede-historia-arte-e-patrimonio\/wp-content\/uploads\/sites\/22\/2022\/11\/4-150x150.png 150w, https:\/\/sites.uab.pt\/cantanhede-historia-arte-e-patrimonio\/wp-content\/uploads\/sites\/22\/2022\/11\/4-768x768.png 768w, https:\/\/sites.uab.pt\/cantanhede-historia-arte-e-patrimonio\/wp-content\/uploads\/sites\/22\/2022\/11\/4.png 1080w\" sizes=\"auto, (max-width: 1080px) 100vw, 1080px\" \/><figcaption class=\"wp-element-caption\">I F\u00f3rum &#8211; Cantanhede: Das Origens remotas ao fim do Antigo Regime &nbsp;<\/figcaption><\/figure>\n\n\n\n<figure class=\"wp-block-image size-large\"><img loading=\"lazy\" decoding=\"async\" width=\"512\" height=\"512\" data-id=\"873\" src=\"https:\/\/sites.uab.pt\/cantanhede-historia-arte-e-patrimonio\/wp-content\/uploads\/sites\/22\/2022\/11\/7.png\" alt=\"Visita Guiada - Do Rossio de\u00a0Cantanhede\u00a0\u00e0 Igreja do Convento\u00a0-Exterior da Igreja Matriz\" class=\"wp-image-873\" srcset=\"https:\/\/sites.uab.pt\/cantanhede-historia-arte-e-patrimonio\/wp-content\/uploads\/sites\/22\/2022\/11\/7.png 512w, https:\/\/sites.uab.pt\/cantanhede-historia-arte-e-patrimonio\/wp-content\/uploads\/sites\/22\/2022\/11\/7-300x300.png 300w, https:\/\/sites.uab.pt\/cantanhede-historia-arte-e-patrimonio\/wp-content\/uploads\/sites\/22\/2022\/11\/7-150x150.png 150w\" sizes=\"auto, (max-width: 512px) 100vw, 512px\" \/><figcaption class=\"wp-element-caption\">Visita Guiada &#8211; Do Rossio de&nbsp;Cantanhede&nbsp;\u00e0 Igreja do Convento<\/figcaption><\/figure>\n\n\n\n<figure class=\"wp-block-image size-large\"><img loading=\"lazy\" decoding=\"async\" width=\"512\" height=\"512\" data-id=\"875\" src=\"https:\/\/sites.uab.pt\/cantanhede-historia-arte-e-patrimonio\/wp-content\/uploads\/sites\/22\/2022\/11\/9.png\" alt=\"Visita Guiada - Do Rossio de\u00a0Cantanhede\u00a0\u00e0 Igreja do Convento\u00a0- Interior da Igreja Matriz\" class=\"wp-image-875\" srcset=\"https:\/\/sites.uab.pt\/cantanhede-historia-arte-e-patrimonio\/wp-content\/uploads\/sites\/22\/2022\/11\/9.png 512w, https:\/\/sites.uab.pt\/cantanhede-historia-arte-e-patrimonio\/wp-content\/uploads\/sites\/22\/2022\/11\/9-300x300.png 300w, https:\/\/sites.uab.pt\/cantanhede-historia-arte-e-patrimonio\/wp-content\/uploads\/sites\/22\/2022\/11\/9-150x150.png 150w\" sizes=\"auto, (max-width: 512px) 100vw, 512px\" \/><figcaption class=\"wp-element-caption\">Visita Guiada &#8211; Do Rossio de&nbsp;Cantanhede&nbsp;\u00e0 Igreja do Convento<\/figcaption><\/figure>\n\n\n\n<figure class=\"wp-block-image size-large\"><img loading=\"lazy\" decoding=\"async\" width=\"512\" height=\"512\" data-id=\"874\" src=\"https:\/\/sites.uab.pt\/cantanhede-historia-arte-e-patrimonio\/wp-content\/uploads\/sites\/22\/2022\/11\/8.png\" alt=\"Visita Guiada - Do Rossio de\u00a0Cantanhede\u00a0\u00e0 Igreja do Convento\u00a0- Pra\u00e7a\" class=\"wp-image-874\" srcset=\"https:\/\/sites.uab.pt\/cantanhede-historia-arte-e-patrimonio\/wp-content\/uploads\/sites\/22\/2022\/11\/8.png 512w, https:\/\/sites.uab.pt\/cantanhede-historia-arte-e-patrimonio\/wp-content\/uploads\/sites\/22\/2022\/11\/8-300x300.png 300w, https:\/\/sites.uab.pt\/cantanhede-historia-arte-e-patrimonio\/wp-content\/uploads\/sites\/22\/2022\/11\/8-150x150.png 150w\" sizes=\"auto, (max-width: 512px) 100vw, 512px\" \/><figcaption class=\"wp-element-caption\">Visita Guiada &#8211; Do Rossio de&nbsp;Cantanhede&nbsp;\u00e0 Igreja do Convento<\/figcaption><\/figure>\n\n\n\n<figure class=\"wp-block-image size-large\"><img loading=\"lazy\" decoding=\"async\" width=\"1024\" height=\"1024\" data-id=\"866\" src=\"https:\/\/sites.uab.pt\/cantanhede-historia-arte-e-patrimonio\/wp-content\/uploads\/sites\/22\/2022\/11\/5-1024x1024.png\" alt=\"2.\u00ba F\u00f3rum - Cantanhede: P\u00f3s-Revolu\u00e7\u00e3o Liberal \u00a0e encerramento \" class=\"wp-image-866\" srcset=\"https:\/\/sites.uab.pt\/cantanhede-historia-arte-e-patrimonio\/wp-content\/uploads\/sites\/22\/2022\/11\/5-1024x1024.png 1024w, https:\/\/sites.uab.pt\/cantanhede-historia-arte-e-patrimonio\/wp-content\/uploads\/sites\/22\/2022\/11\/5-300x300.png 300w, https:\/\/sites.uab.pt\/cantanhede-historia-arte-e-patrimonio\/wp-content\/uploads\/sites\/22\/2022\/11\/5-150x150.png 150w, https:\/\/sites.uab.pt\/cantanhede-historia-arte-e-patrimonio\/wp-content\/uploads\/sites\/22\/2022\/11\/5-768x768.png 768w, https:\/\/sites.uab.pt\/cantanhede-historia-arte-e-patrimonio\/wp-content\/uploads\/sites\/22\/2022\/11\/5.png 1080w\" sizes=\"auto, (max-width: 1024px) 100vw, 1024px\" \/><figcaption class=\"wp-element-caption\">2.\u00ba F\u00f3rum &#8211; Cantanhede: P\u00f3s-Revolu\u00e7\u00e3o Liberal &nbsp;<\/figcaption><\/figure>\n<\/figure>\n","protected":false},"excerpt":{"rendered":"I Encontro:&nbsp;Cantanhede&nbsp;\u2013 Hist\u00f3ria, Arte e Patrim\u00f3nio Este 1.\u00ba Encontro foi uma oportunidade \u00fanica para revisitar as refer\u00eancias fundamentais e identit\u00e1rias da cidade e do concelho, a partir da perspetiva de&nbsp;especialistas&nbsp;acad\u00e9micos&nbsp;sob a&nbsp;tr\u00edade&nbsp;de abordagem&nbsp;Hist\u00f3ria, Arte e Patrim\u00f3nio.&nbsp; O Encontro centrou-se em dois f\u00f3runs:&nbsp; E duas visitas guiadas:&nbsp; Esta iniciativa foi concretizada atrav\u00e9s da colabora\u00e7\u00e3o entre o Munic\u00edpio [&hellip;]","protected":false},"author":1,"featured_media":1108,"parent":1156,"menu_order":80,"comment_status":"closed","ping_status":"closed","template":"","meta":{"footnotes":""},"class_list":["post-806","page","type-page","status-publish","has-post-thumbnail","hentry"],"_links":{"self":[{"href":"https:\/\/sites.uab.pt\/cantanhede-historia-arte-e-patrimonio\/wp-json\/wp\/v2\/pages\/806","targetHints":{"allow":["GET"]}}],"collection":[{"href":"https:\/\/sites.uab.pt\/cantanhede-historia-arte-e-patrimonio\/wp-json\/wp\/v2\/pages"}],"about":[{"href":"https:\/\/sites.uab.pt\/cantanhede-historia-arte-e-patrimonio\/wp-json\/wp\/v2\/types\/page"}],"author":[{"embeddable":true,"href":"https:\/\/sites.uab.pt\/cantanhede-historia-arte-e-patrimonio\/wp-json\/wp\/v2\/users\/1"}],"replies":[{"embeddable":true,"href":"https:\/\/sites.uab.pt\/cantanhede-historia-arte-e-patrimonio\/wp-json\/wp\/v2\/comments?post=806"}],"version-history":[{"count":5,"href":"https:\/\/sites.uab.pt\/cantanhede-historia-arte-e-patrimonio\/wp-json\/wp\/v2\/pages\/806\/revisions"}],"predecessor-version":[{"id":1236,"href":"https:\/\/sites.uab.pt\/cantanhede-historia-arte-e-patrimonio\/wp-json\/wp\/v2\/pages\/806\/revisions\/1236"}],"up":[{"embeddable":true,"href":"https:\/\/sites.uab.pt\/cantanhede-historia-arte-e-patrimonio\/wp-json\/wp\/v2\/pages\/1156"}],"wp:featuredmedia":[{"embeddable":true,"href":"https:\/\/sites.uab.pt\/cantanhede-historia-arte-e-patrimonio\/wp-json\/wp\/v2\/media\/1108"}],"wp:attachment":[{"href":"https:\/\/sites.uab.pt\/cantanhede-historia-arte-e-patrimonio\/wp-json\/wp\/v2\/media?parent=806"}],"curies":[{"name":"wp","href":"https:\/\/api.w.org\/{rel}","templated":true}]}}