{"id":151,"date":"2026-02-12T22:01:18","date_gmt":"2026-02-12T22:01:18","guid":{"rendered":"https:\/\/sites.uab.pt\/eeg2026\/?page_id=151"},"modified":"2026-04-29T11:17:54","modified_gmt":"2026-04-29T11:17:54","slug":"programa","status":"publish","type":"page","link":"https:\/\/sites.uab.pt\/eeg2026\/programa\/","title":{"rendered":"Programa"},"content":{"rendered":"\n<div style=\"height:49px\" aria-hidden=\"true\" class=\"wp-block-spacer\"><\/div>\n\n\n\n<div class=\"wp-block-group\"><div class=\"wp-block-group__inner-container is-layout-constrained wp-block-group-is-layout-constrained\">\n<p style=\"font-size:30px\"><strong>29 de abril de 2026<\/strong><\/p>\n\n\n\n<p><strong>14:00 &#8211; <\/strong>Abertura do secretariado<\/p>\n\n\n\n<p><strong>14:30 &#8211; Sess\u00e3o de abertura<\/strong><br><strong>Professor Doutor Jos\u00e9 Ant\u00f3nio Moreira<\/strong> &#8211; Diretor do Polo Cultura e Ci\u00eancia de Alf\u00e2ndega da F\u00e9, Universidade Aberta<br><strong>Professor Doutor Jos\u00e9 Eduardo Franco<\/strong> &#8211; Coordenador do Centro de Estudos Globais, CEG, Universidade Aberta<br><strong>Professor Doutor Ant\u00f3nio Moreira Teixeira<\/strong> &#8211; Coordenador do Laborat\u00f3rio de Educa\u00e7\u00e3o a Dist\u00e2ncia e eLearning, LE@D, Universidade Aberta<br><strong>Professora Doutora In\u00eas Amorim<\/strong> &#8211; Coordenadora do Centro de Investiga\u00e7\u00e3o Transdisciplinar Cultura, Espa\u00e7o e Mem\u00f3ria, CITCEM, Universidade do Porto<br><strong>Professor Doutor Jos\u00e9 Oliveira Martins<\/strong> &#8211; Coordenador do Centro de Estudos Interdisciplinares, CEIS20, Universidade de Coimbra<br><strong>Professor Doutor Paulo Bento<\/strong> &#8211; Vice-Reitor Internacionaliza\u00e7\u00e3o e Extens\u00e3o Universit\u00e1ria, Universidade Aberta<br><strong>Engenheiro Eduardo Tavares<\/strong> &#8211; Presidente do Munic\u00edpio de Alf\u00e2ndega da F\u00e9<\/p>\n\n\n\n<p><strong>15:00 &#8211; Confer\u00eancia de Abertura<\/strong> <br>Ant\u00f3nio Gomes Ferreira (Universidade de Coimbra)<\/p>\n\n\n\n<p><strong>15:45<\/strong> <strong>&#8211;<\/strong> <strong>MESA REDONDA:<\/strong> <strong>Educa\u00e7\u00e3o Digital, Aberta e em Rede<\/strong><br>Belen Ballesteros Velasquez (Universidad Nacional de Educacion a Distancia)<br>Ant\u00f3nio Moreira Teixeira (Universidade Aberta)<br>In\u00e9s Gil- Jaurena (Universidad Nacional de Educacion a Distancia)<br><strong>Modera\u00e7\u00e3o:<\/strong> Daniela Barros (Universidade Aberta)<\/p>\n\n\n\n<p><strong>17:00 &#8211;<\/strong> Intervalo<\/p>\n\n\n\n<p><strong>17:15 &#8211; Confer\u00eancia II<\/strong><br>Sara Dias-Trindade (Universidade do Porto)<\/p>\n\n\n\n<p><strong>18:00 &#8211; Escola Doutoral I<\/strong><br><strong>Modera\u00e7\u00e3o:<\/strong> Coordena\u00e7\u00e3o Doutoramento<\/p>\n\n\n\n<p><strong>20:00 &#8211; Jantar da confer\u00eancia<\/strong><\/p>\n<\/div><\/div>\n\n\n\n<div style=\"height:49px\" aria-hidden=\"true\" class=\"wp-block-spacer\"><\/div>\n\n\n\n<div class=\"wp-block-group\"><div class=\"wp-block-group__inner-container is-layout-constrained wp-block-group-is-layout-constrained\">\n<p style=\"font-size:30px\"><strong>30 de abril de 2026<\/strong><\/p>\n\n\n\n<p><strong>09:30 &#8211; Escola Doutoral II<\/strong><br><strong>Modera\u00e7\u00e3o:<\/strong> Coordena\u00e7\u00e3o Doutoramento<\/p>\n\n\n\n<p><strong>11:00 &#8211; Confer\u00eancia III<\/strong><br>Carlinda Leite (Universidade do Porto)<\/p>\n\n\n\n<p><strong>11:45 &#8211; MESA REDONDA: Investiga\u00e7\u00e3o e Pr\u00e1ticas em Inova\u00e7\u00e3o Pedag\u00f3gica<\/strong><br>Liliana Rodrigues (Universidade da Madeira)<br>Andr\u00e9ia Weiss (Universidade Federal do Esp\u00edrito Santo)<br>Idalina Almeida (Ser + Peculiar)<br><strong>Modera\u00e7\u00e3o:<\/strong> Susana Henriques (Universidade Aberta)<\/p>\n\n\n\n<p><strong>13:15 &#8211;<\/strong> Almo\u00e7o<\/p>\n\n\n\n<p><strong>14:30 &#8211; Confer\u00eancia IV<\/strong><br>Rui Trindade (Universidade do Porto)<\/p>\n\n\n\n<p><strong>16:00 &#8211; MESA REDONDA: Investiga\u00e7\u00e3o e Pr\u00e1ticas em Forma\u00e7\u00e3o de Professores<\/strong><br>Lu\u00eds Alcoforado (Universidade de Coimbra)<br>Dora Fonseca (Universidade de Aveiro)<br>Carlos Alberto Ferreira (Universidade de Tr\u00e1s-os-Montes) <br>Teresa Vila\u00e7a (Universidade do Minho)<br><strong>Modera\u00e7\u00e3o:<\/strong> \u00c1lvaro Santos (Conselho Cient\u00edfico da Forma\u00e7\u00e3o Cont\u00ednua de Professores)<\/p>\n\n\n\n<p><strong>17:30 &#8211;<\/strong> Coffee Break<\/p>\n\n\n\n<p><strong>18:00 &#8211; Escola Doutoral III<\/strong><br><strong>Modera\u00e7\u00e3o:<\/strong> Coordena\u00e7\u00e3o Doutoramento<\/p>\n<\/div><\/div>\n\n\n\n<div style=\"height:49px\" aria-hidden=\"true\" class=\"wp-block-spacer\"><\/div>\n\n\n\n<div class=\"wp-block-group\"><div class=\"wp-block-group__inner-container is-layout-constrained wp-block-group-is-layout-constrained\">\n<p style=\"font-size:30px\"><strong>01 de maio de 2026<\/strong><\/p>\n\n\n\n<p><strong>09:00 &#8211; Escola Doutoral IV<\/strong><br><strong>Modera\u00e7\u00e3o:<\/strong> Coordena\u00e7\u00e3o Doutoramento<\/p>\n\n\n\n<p><strong>10:30 &#8211; Escola Doutoral V<\/strong><br><strong>Modera\u00e7\u00e3o:<\/strong> Coordena\u00e7\u00e3o Doutoramento<\/p>\n\n\n\n<p><strong>12:00 &#8211; Encerramento<\/strong><\/p>\n<\/div><\/div>\n\n\n\n<div style=\"height:50px\" aria-hidden=\"true\" class=\"wp-block-spacer\"><\/div>\n\n\n\n<hr class=\"wp-block-separator has-alpha-channel-opacity\"\/>\n\n\n\n<div style=\"height:50px\" aria-hidden=\"true\" class=\"wp-block-spacer\"><\/div>\n\n\n\n<p class=\"has-medium-font-size\"><strong>Programa de Sess\u00f5es &#8211; Semin\u00e1rio Doutoral de Primavera<\/strong><\/p>\n\n\n\n<div data-wp-interactive=\"core\/file\" class=\"wp-block-file\"><object data-wp-bind--hidden=\"!state.hasPdfPreview\" hidden class=\"wp-block-file__embed\" data=\"https:\/\/sites.uab.pt\/eeg2026\/wp-content\/uploads\/sites\/79\/2026\/04\/Programa-Sessoes-Seminario-Doutoral-de-Primavera-Versao-Definitiva.pdf\" type=\"application\/pdf\" style=\"width:100%;height:600px\" aria-label=\"Incorpora\u00e7\u00e3o de Programa de Sess\u00f5es - Semin\u00e1rio Doutoral de Primavera.\"><\/object><a>Programa de Sess\u00f5es &#8211; Semin\u00e1rio Doutoral de Primavera<\/a><a href=\"https:\/\/sites.uab.pt\/eeg2026\/wp-content\/uploads\/sites\/79\/2026\/04\/Programa-Sessoes-Seminario-Doutoral-de-Primavera-Versao-Definitiva.pdf\" class=\"wp-block-file__button wp-element-button\" download>Descarregar<\/a><\/div>\n\n\n\n<div style=\"height:50px\" aria-hidden=\"true\" class=\"wp-block-spacer\"><\/div>\n\n\n\n<hr class=\"wp-block-separator has-alpha-channel-opacity\"\/>\n\n\n\n<div style=\"height:50px\" aria-hidden=\"true\" class=\"wp-block-spacer\"><\/div>\n\n\n\n<p class=\"has-medium-font-size\"><strong>Livro de Resumos &#8211; Semin\u00e1rio e Escola Doutoral<\/strong><\/p>\n\n\n\n<div data-wp-interactive=\"core\/file\" class=\"wp-block-file\"><object data-wp-bind--hidden=\"!state.hasPdfPreview\" hidden class=\"wp-block-file__embed\" data=\"https:\/\/sites.uab.pt\/eeg2026\/wp-content\/uploads\/sites\/79\/2026\/04\/Livro-de-resumos_final-1.pdf\" type=\"application\/pdf\" style=\"width:100%;height:600px\" aria-label=\"Incorpora\u00e7\u00e3o de Livro de resumos_final.\"><\/object><a id=\"wp-block-file--media-2cfa2e0e-7a83-432a-8f6a-ad51e08d4d93\" href=\"https:\/\/sites.uab.pt\/eeg2026\/wp-content\/uploads\/sites\/79\/2026\/04\/Livro-de-resumos_final-1.pdf\">Livro de resumos_final<\/a><a href=\"https:\/\/sites.uab.pt\/eeg2026\/wp-content\/uploads\/sites\/79\/2026\/04\/Livro-de-resumos_final-1.pdf\" class=\"wp-block-file__button wp-element-button\" download aria-describedby=\"wp-block-file--media-2cfa2e0e-7a83-432a-8f6a-ad51e08d4d93\">Descarregar<\/a><\/div>\n","protected":false},"excerpt":{"rendered":"29 de abril de 2026 14:00 &#8211; Abertura do secretariado 14:30 &#8211; Sess\u00e3o de aberturaProfessor Doutor Jos\u00e9 Ant\u00f3nio Moreira &#8211; Diretor do Polo Cultura e Ci\u00eancia de Alf\u00e2ndega da F\u00e9, Universidade AbertaProfessor Doutor Jos\u00e9 Eduardo Franco &#8211; Coordenador do Centro de Estudos Globais, CEG, Universidade AbertaProfessor Doutor Ant\u00f3nio Moreira Teixeira &#8211; Coordenador do Laborat\u00f3rio de [&hellip;]","protected":false},"author":98,"featured_media":0,"parent":0,"menu_order":0,"comment_status":"closed","ping_status":"closed","template":"","meta":{"footnotes":""},"class_list":["post-151","page","type-page","status-publish","hentry"],"_links":{"self":[{"href":"https:\/\/sites.uab.pt\/eeg2026\/wp-json\/wp\/v2\/pages\/151","targetHints":{"allow":["GET"]}}],"collection":[{"href":"https:\/\/sites.uab.pt\/eeg2026\/wp-json\/wp\/v2\/pages"}],"about":[{"href":"https:\/\/sites.uab.pt\/eeg2026\/wp-json\/wp\/v2\/types\/page"}],"author":[{"embeddable":true,"href":"https:\/\/sites.uab.pt\/eeg2026\/wp-json\/wp\/v2\/users\/98"}],"replies":[{"embeddable":true,"href":"https:\/\/sites.uab.pt\/eeg2026\/wp-json\/wp\/v2\/comments?post=151"}],"version-history":[{"count":16,"href":"https:\/\/sites.uab.pt\/eeg2026\/wp-json\/wp\/v2\/pages\/151\/revisions"}],"predecessor-version":[{"id":232,"href":"https:\/\/sites.uab.pt\/eeg2026\/wp-json\/wp\/v2\/pages\/151\/revisions\/232"}],"wp:attachment":[{"href":"https:\/\/sites.uab.pt\/eeg2026\/wp-json\/wp\/v2\/media?parent=151"}],"curies":[{"name":"wp","href":"https:\/\/api.w.org\/{rel}","templated":true}]}}